{"id":525,"date":"2019-02-07T20:15:57","date_gmt":"2019-02-07T19:15:57","guid":{"rendered":"https:\/\/testing.2018.gruene.ch\/demo\/?page_id=443"},"modified":"2026-03-23T10:37:38","modified_gmt":"2026-03-23T09:37:38","slug":"ueber-uns","status":"publish","type":"page","link":"https:\/\/web.gruene-zh.ch\/waedenswil\/ueber-uns","title":{"rendered":"\u00dcber uns"},"content":{"rendered":"","protected":false},"excerpt":{"rendered":"","protected":false},"author":34,"featured_media":2207,"parent":0,"menu_order":0,"comment_status":"closed","ping_status":"closed","template":"","meta":{"_acf_changed":false,"inline_featured_image":false,"footnotes":""},"class_list":["post-525","page","type-page","status-publish","has-post-thumbnail","hentry"],"acf":[],"yoast_head":"<!-- This site is optimized with the Yoast SEO plugin v26.9 - https:\/\/yoast.com\/product\/yoast-seo-wordpress\/ -->\n<title>\u00dcber uns - GR\u00dcNE W\u00e4denswil<\/title>\n<meta name=\"description\" content=\"Wir sind die Gr\u00fcnen W\u00e4denswil - lerne uns kennen.\" \/>\n<meta name=\"robots\" content=\"index, follow, max-snippet:-1, max-image-preview:large, max-video-preview:-1\" \/>\n<link rel=\"canonical\" href=\"https:\/\/web.gruene-zh.ch\/waedenswil\/ueber-uns\" \/>\n<meta property=\"og:locale\" content=\"de_DE\" \/>\n<meta property=\"og:type\" content=\"article\" \/>\n<meta property=\"og:title\" content=\"\u00dcber uns - GR\u00dcNE W\u00e4denswil\" \/>\n<meta property=\"og:description\" content=\"Wir sind die Gr\u00fcnen W\u00e4denswil - lerne uns kennen.\" \/>\n<meta property=\"og:url\" content=\"https:\/\/web.gruene-zh.ch\/waedenswil\/ueber-uns\" \/>\n<meta property=\"og:site_name\" content=\"GR\u00dcNE W\u00e4denswil\" \/>\n<meta property=\"article:modified_time\" content=\"2026-03-23T09:37:38+00:00\" \/>\n<meta property=\"og:image\" content=\"https:\/\/web.gruene-zh.ch\/waedenswil\/wp-content\/uploads\/sites\/9\/2026\/02\/307G0707_Gruppenbild_4096-1200x630.jpg\" \/>\n\t<meta property=\"og:image:width\" content=\"1200\" \/>\n\t<meta property=\"og:image:height\" content=\"630\" \/>\n\t<meta property=\"og:image:type\" content=\"image\/jpeg\" \/>\n<meta name=\"twitter:card\" content=\"summary_large_image\" \/>\n<meta name=\"twitter:label1\" content=\"Gesch\u00e4tzte Lesezeit\" \/>\n\t<meta name=\"twitter:data1\" content=\"2\u00a0Minuten\" \/>\n<script type=\"application\/ld+json\" class=\"yoast-schema-graph\">{\"@context\":\"https:\/\/schema.org\",\"@graph\":[{\"@type\":\"WebPage\",\"@id\":\"https:\/\/web.gruene-zh.ch\/waedenswil\/ueber-uns\",\"url\":\"https:\/\/web.gruene-zh.ch\/waedenswil\/ueber-uns\",\"name\":\"\u00dcber uns - GR\u00dcNE W\u00e4denswil\",\"isPartOf\":{\"@id\":\"https:\/\/web.gruene-zh.ch\/waedenswil\/#website\"},\"primaryImageOfPage\":{\"@id\":\"https:\/\/web.gruene-zh.ch\/waedenswil\/ueber-uns#primaryimage\"},\"image\":{\"@id\":\"https:\/\/web.gruene-zh.ch\/waedenswil\/ueber-uns#primaryimage\"},\"thumbnailUrl\":\"https:\/\/web.gruene-zh.ch\/waedenswil\/wp-content\/uploads\/sites\/9\/2026\/02\/307G0707_Gruppenbild_4096-scaled.jpg\",\"datePublished\":\"2019-02-07T19:15:57+00:00\",\"dateModified\":\"2026-03-23T09:37:38+00:00\",\"description\":\"Wir sind die Gr\u00fcnen W\u00e4denswil - lerne uns kennen.\",\"breadcrumb\":{\"@id\":\"https:\/\/web.gruene-zh.ch\/waedenswil\/ueber-uns#breadcrumb\"},\"inLanguage\":\"de\",\"potentialAction\":[{\"@type\":\"ReadAction\",\"target\":[\"https:\/\/web.gruene-zh.ch\/waedenswil\/ueber-uns\"]}]},{\"@type\":\"ImageObject\",\"inLanguage\":\"de\",\"@id\":\"https:\/\/web.gruene-zh.ch\/waedenswil\/ueber-uns#primaryimage\",\"url\":\"https:\/\/web.gruene-zh.ch\/waedenswil\/wp-content\/uploads\/sites\/9\/2026\/02\/307G0707_Gruppenbild_4096-scaled.jpg\",\"contentUrl\":\"https:\/\/web.gruene-zh.ch\/waedenswil\/wp-content\/uploads\/sites\/9\/2026\/02\/307G0707_Gruppenbild_4096-scaled.jpg\",\"width\":2560,\"height\":1025},{\"@type\":\"BreadcrumbList\",\"@id\":\"https:\/\/web.gruene-zh.ch\/waedenswil\/ueber-uns#breadcrumb\",\"itemListElement\":[{\"@type\":\"ListItem\",\"position\":1,\"name\":\"Startseite\",\"item\":\"https:\/\/web.gruene-zh.ch\/waedenswil\/\"},{\"@type\":\"ListItem\",\"position\":2,\"name\":\"\u00dcber uns\"}]},{\"@type\":\"WebSite\",\"@id\":\"https:\/\/web.gruene-zh.ch\/waedenswil\/#website\",\"url\":\"https:\/\/web.gruene-zh.ch\/waedenswil\/\",\"name\":\"GR\u00dcNE W\u00e4denswil\",\"description\":\"F\u00fcr Lebensqualit\u00e4t in W\u00e4denswil\",\"potentialAction\":[{\"@type\":\"SearchAction\",\"target\":{\"@type\":\"EntryPoint\",\"urlTemplate\":\"https:\/\/web.gruene-zh.ch\/waedenswil\/?s={search_term_string}\"},\"query-input\":{\"@type\":\"PropertyValueSpecification\",\"valueRequired\":true,\"valueName\":\"search_term_string\"}}],\"inLanguage\":\"de\"}]}<\/script>\n<!-- \/ Yoast SEO plugin. -->","yoast_head_json":{"title":"\u00dcber uns - GR\u00dcNE W\u00e4denswil","description":"Wir sind die Gr\u00fcnen W\u00e4denswil - lerne uns kennen.","robots":{"index":"index","follow":"follow","max-snippet":"max-snippet:-1","max-image-preview":"max-image-preview:large","max-video-preview":"max-video-preview:-1"},"canonical":"https:\/\/web.gruene-zh.ch\/waedenswil\/ueber-uns","og_locale":"de_DE","og_type":"article","og_title":"\u00dcber uns - GR\u00dcNE W\u00e4denswil","og_description":"Wir sind die Gr\u00fcnen W\u00e4denswil - lerne uns kennen.","og_url":"https:\/\/web.gruene-zh.ch\/waedenswil\/ueber-uns","og_site_name":"GR\u00dcNE W\u00e4denswil","article_modified_time":"2026-03-23T09:37:38+00:00","og_image":[{"width":1200,"height":630,"url":"https:\/\/web.gruene-zh.ch\/waedenswil\/wp-content\/uploads\/sites\/9\/2026\/02\/307G0707_Gruppenbild_4096-1200x630.jpg","type":"image\/jpeg"}],"twitter_card":"summary_large_image","twitter_misc":{"Gesch\u00e4tzte Lesezeit":"2\u00a0Minuten"},"schema":{"@context":"https:\/\/schema.org","@graph":[{"@type":"WebPage","@id":"https:\/\/web.gruene-zh.ch\/waedenswil\/ueber-uns","url":"https:\/\/web.gruene-zh.ch\/waedenswil\/ueber-uns","name":"\u00dcber uns - GR\u00dcNE W\u00e4denswil","isPartOf":{"@id":"https:\/\/web.gruene-zh.ch\/waedenswil\/#website"},"primaryImageOfPage":{"@id":"https:\/\/web.gruene-zh.ch\/waedenswil\/ueber-uns#primaryimage"},"image":{"@id":"https:\/\/web.gruene-zh.ch\/waedenswil\/ueber-uns#primaryimage"},"thumbnailUrl":"https:\/\/web.gruene-zh.ch\/waedenswil\/wp-content\/uploads\/sites\/9\/2026\/02\/307G0707_Gruppenbild_4096-scaled.jpg","datePublished":"2019-02-07T19:15:57+00:00","dateModified":"2026-03-23T09:37:38+00:00","description":"Wir sind die Gr\u00fcnen W\u00e4denswil - lerne uns kennen.","breadcrumb":{"@id":"https:\/\/web.gruene-zh.ch\/waedenswil\/ueber-uns#breadcrumb"},"inLanguage":"de","potentialAction":[{"@type":"ReadAction","target":["https:\/\/web.gruene-zh.ch\/waedenswil\/ueber-uns"]}]},{"@type":"ImageObject","inLanguage":"de","@id":"https:\/\/web.gruene-zh.ch\/waedenswil\/ueber-uns#primaryimage","url":"https:\/\/web.gruene-zh.ch\/waedenswil\/wp-content\/uploads\/sites\/9\/2026\/02\/307G0707_Gruppenbild_4096-scaled.jpg","contentUrl":"https:\/\/web.gruene-zh.ch\/waedenswil\/wp-content\/uploads\/sites\/9\/2026\/02\/307G0707_Gruppenbild_4096-scaled.jpg","width":2560,"height":1025},{"@type":"BreadcrumbList","@id":"https:\/\/web.gruene-zh.ch\/waedenswil\/ueber-uns#breadcrumb","itemListElement":[{"@type":"ListItem","position":1,"name":"Startseite","item":"https:\/\/web.gruene-zh.ch\/waedenswil\/"},{"@type":"ListItem","position":2,"name":"\u00dcber uns"}]},{"@type":"WebSite","@id":"https:\/\/web.gruene-zh.ch\/waedenswil\/#website","url":"https:\/\/web.gruene-zh.ch\/waedenswil\/","name":"GR\u00dcNE W\u00e4denswil","description":"F\u00fcr Lebensqualit\u00e4t in W\u00e4denswil","potentialAction":[{"@type":"SearchAction","target":{"@type":"EntryPoint","urlTemplate":"https:\/\/web.gruene-zh.ch\/waedenswil\/?s={search_term_string}"},"query-input":{"@type":"PropertyValueSpecification","valueRequired":true,"valueName":"search_term_string"}}],"inLanguage":"de"}]}},"_links":{"self":[{"href":"https:\/\/web.gruene-zh.ch\/waedenswil\/wp-json\/wp\/v2\/pages\/525","targetHints":{"allow":["GET"]}}],"collection":[{"href":"https:\/\/web.gruene-zh.ch\/waedenswil\/wp-json\/wp\/v2\/pages"}],"about":[{"href":"https:\/\/web.gruene-zh.ch\/waedenswil\/wp-json\/wp\/v2\/types\/page"}],"author":[{"embeddable":true,"href":"https:\/\/web.gruene-zh.ch\/waedenswil\/wp-json\/wp\/v2\/users\/34"}],"replies":[{"embeddable":true,"href":"https:\/\/web.gruene-zh.ch\/waedenswil\/wp-json\/wp\/v2\/comments?post=525"}],"version-history":[{"count":51,"href":"https:\/\/web.gruene-zh.ch\/waedenswil\/wp-json\/wp\/v2\/pages\/525\/revisions"}],"predecessor-version":[{"id":2422,"href":"https:\/\/web.gruene-zh.ch\/waedenswil\/wp-json\/wp\/v2\/pages\/525\/revisions\/2422"}],"wp:featuredmedia":[{"embeddable":true,"href":"https:\/\/web.gruene-zh.ch\/waedenswil\/wp-json\/wp\/v2\/media\/2207"}],"wp:attachment":[{"href":"https:\/\/web.gruene-zh.ch\/waedenswil\/wp-json\/wp\/v2\/media?parent=525"}],"curies":[{"name":"wp","href":"https:\/\/api.w.org\/{rel}","templated":true}]}}