{"id":1473,"date":"2026-03-16T23:03:43","date_gmt":"2026-03-16T22:03:43","guid":{"rendered":"https:\/\/web.gruene-zh.ch\/bezirk-affoltern\/?post_type=tribe_events&#038;p=1473"},"modified":"2026-04-24T13:28:44","modified_gmt":"2026-04-24T11:28:44","slug":"stamm-2-2-2-2-2-2","status":"publish","type":"tribe_events","link":"https:\/\/web.gruene-zh.ch\/bezirk-affoltern\/event\/stamm-2-2-2-2-2-2","title":{"rendered":"April-Stamm GR\u00dcNE | SP"},"content":{"rendered":"","protected":false},"excerpt":{"rendered":"<h3><strong><img loading=\"lazy\" decoding=\"async\" class=\"alignnone wp-image-1474\" src=\"https:\/\/web.gruene-zh.ch\/bezirk-affoltern\/wp-content\/uploads\/sites\/14\/2026\/03\/Wohninitiative_Post-790x790.jpg\" alt=\"\" width=\"232\" height=\"232\" srcset=\"https:\/\/web.gruene-zh.ch\/bezirk-affoltern\/wp-content\/uploads\/sites\/14\/2026\/03\/Wohninitiative_Post-790x790.jpg 790w, https:\/\/web.gruene-zh.ch\/bezirk-affoltern\/wp-content\/uploads\/sites\/14\/2026\/03\/Wohninitiative_Post-1024x1024.jpg 1024w, https:\/\/web.gruene-zh.ch\/bezirk-affoltern\/wp-content\/uploads\/sites\/14\/2026\/03\/Wohninitiative_Post-150x150.jpg 150w, https:\/\/web.gruene-zh.ch\/bezirk-affoltern\/wp-content\/uploads\/sites\/14\/2026\/03\/Wohninitiative_Post-768x768.jpg 768w, https:\/\/web.gruene-zh.ch\/bezirk-affoltern\/wp-content\/uploads\/sites\/14\/2026\/03\/Wohninitiative_Post-400x400.jpg 400w, https:\/\/web.gruene-zh.ch\/bezirk-affoltern\/wp-content\/uploads\/sites\/14\/2026\/03\/Wohninitiative_Post.jpg 1080w\" sizes=\"auto, (max-width: 232px) 100vw, 232px\" \/><\/strong><\/h3>\n<h3><strong>Wohnungsinitiativen<\/strong><\/h3>\n<p>Am 14. Juni 2026 stimmen wir \u00fcber 3 wohnungspolitische Inititativen ab.<\/p>\n<ul>\n<li><strong>JA zur Wohnungsinitiative der Gr\u00fcnen<\/strong>. Sie will <span class=\"wixui-rich-text__text\">Kanton und Gemeinden beauftragen, f\u00fcr ausreichend g\u00fcnstigen und klimafreundlichen Wohnraum zu sorgen. Der Kanton soll eine Wohnbaugesellschaft betreiben.<br \/>\n<strong>NEIN zum untaugliche Gegenvorschlag des Regierungsrates.&nbsp;<\/strong>Er ist inhaltsleer und hat einziges Ziel die Initiative zu schw\u00e4chen<\/span><\/li>\n<li><strong>JA zur Wohnschutzinitiative des Mieterverbands<\/strong>. Sie will Leerk\u00fcndigungen stoppen und bezahlbare Wohnungen sch\u00fctzen.<\/li>\n<li><strong>NEIN zur Wohneigentums-Initiative.<\/strong> Sie will, dass gemeinn\u00fctzigen Wohnungen zu Eigentumswohnungen umgewandelt werden.<\/li>\n<\/ul>\n<p>&nbsp;<\/p>\n","protected":false},"author":52,"featured_media":0,"template":"","meta":{"_acf_changed":false,"inline_featured_image":false,"_tribe_events_status":"","_tribe_events_status_reason":"","footnotes":""},"tags":[],"tribe_events_cat":[17],"class_list":["post-1473","tribe_events","type-tribe_events","status-publish","hentry","tribe_events_cat-veranstaltungen","cat_veranstaltungen"],"acf":[],"yoast_head":"<!-- This site is optimized with the Yoast SEO plugin v26.9 - https:\/\/yoast.com\/product\/yoast-seo-wordpress\/ -->\n<title>GR\u00dcNE Bezirk Affoltern<\/title>\n<meta name=\"description\" content=\"Wohnungsinitiativen Am 14. Juni 2026 stimmen wir \u00fcber 3 wohnungspolitische Inititativen ab.  JA zur Wohnungsinitiative der Gr\u00fcnen. Sie will Kanton und Gemeinden beauftragen, f\u00fcr ausreichend g\u00fcnstigen und klimafreundlichen Wohnraum zu sorgen. Der Kanton soll eine Wohnbaugesellschaft betreiben. NEIN zum untaugliche Gegenvorschlag des Regierungsrates.&nbsp;Er ist inhaltsleer und hat einziges Ziel die Initiative zu schw\u00e4chen JA zur Wohnschutzinitiative des Mieterverbands. Sie will Leerk\u00fcndigungen stoppen und bezahlbare Wohnungen sch\u00fctzen. NEIN zur Wohneigentums-Initiative. Sie will, dass gemeinn\u00fctzigen Wohnungen zu Eigentumswohnungen umgewandelt werden.  &nbsp;\" \/>\n<meta name=\"robots\" content=\"index, follow, max-snippet:-1, max-image-preview:large, max-video-preview:-1\" \/>\n<link rel=\"canonical\" href=\"https:\/\/web.gruene-zh.ch\/bezirk-affoltern\/event\/stamm-2-2-2-2-2-2\" \/>\n<meta property=\"og:locale\" content=\"de_DE\" \/>\n<meta property=\"og:type\" content=\"article\" \/>\n<meta property=\"og:description\" content=\"Wohnungsinitiativen Am 14. Juni 2026 stimmen wir \u00fcber 3 wohnungspolitische Inititativen ab. JA zur Wohnungsinitiative der Gr\u00fcnen. Sie \u2026\" \/>\n<meta property=\"og:url\" content=\"https:\/\/web.gruene-zh.ch\/bezirk-affoltern\/event\/stamm-2-2-2-2-2-2\" \/>\n<meta property=\"og:site_name\" content=\"GR\u00dcNE Bezirk Affoltern\" \/>\n<meta property=\"article:modified_time\" content=\"2026-04-24T11:28:44+00:00\" \/>\n<meta name=\"twitter:card\" content=\"summary_large_image\" \/>\n<meta name=\"twitter:label1\" content=\"Gesch\u00e4tzte Lesezeit\" \/>\n\t<meta name=\"twitter:data1\" content=\"4\u00a0Minuten\" \/>\n<script type=\"application\/ld+json\" class=\"yoast-schema-graph\">{\"@context\":\"https:\/\/schema.org\",\"@graph\":[{\"@type\":\"WebPage\",\"@id\":\"https:\/\/web.gruene-zh.ch\/bezirk-affoltern\/event\/stamm-2-2-2-2-2-2\",\"url\":\"https:\/\/web.gruene-zh.ch\/bezirk-affoltern\/event\/stamm-2-2-2-2-2-2\",\"name\":\"\",\"isPartOf\":{\"@id\":\"https:\/\/web.gruene-zh.ch\/bezirk-affoltern\/#website\"},\"datePublished\":\"2026-03-16T22:03:43+00:00\",\"dateModified\":\"2026-04-24T11:28:44+00:00\",\"description\":\"Wohnungsinitiativen Am 14. Juni 2026 stimmen wir \u00fcber 3 wohnungspolitische Inititativen ab. \u2022 JA zur Wohnungsinitiative der Gr\u00fcnen. Sie will Kanton und Gemeinden beauftragen, f\u00fcr ausreichend g\u00fcnstigen und klimafreundlichen Wohnraum zu sorgen. Der Kanton soll eine Wohnbaugesellschaft betreiben. NEIN zum untaugliche Gegenvorschlag des Regierungsrates.&nbsp;Er ist inhaltsleer und hat einziges Ziel die Initiative zu schw\u00e4chen \u2022 JA zur Wohnschutzinitiative des Mieterverbands. Sie will Leerk\u00fcndigungen stoppen und bezahlbare Wohnungen sch\u00fctzen. \u2022 NEIN zur Wohneigentums-Initiative. Sie will, dass gemeinn\u00fctzigen Wohnungen zu Eigentumswohnungen umgewandelt werden. &nbsp;\",\"breadcrumb\":{\"@id\":\"https:\/\/web.gruene-zh.ch\/bezirk-affoltern\/event\/stamm-2-2-2-2-2-2#breadcrumb\"},\"inLanguage\":\"de\",\"potentialAction\":[{\"@type\":\"ReadAction\",\"target\":[\"https:\/\/web.gruene-zh.ch\/bezirk-affoltern\/event\/stamm-2-2-2-2-2-2\"]}]},{\"@type\":\"BreadcrumbList\",\"@id\":\"https:\/\/web.gruene-zh.ch\/bezirk-affoltern\/event\/stamm-2-2-2-2-2-2#breadcrumb\",\"itemListElement\":[{\"@type\":\"ListItem\",\"position\":1,\"name\":\"Startseite\",\"item\":\"https:\/\/web.gruene-zh.ch\/bezirk-affoltern\/\"},{\"@type\":\"ListItem\",\"position\":2,\"name\":\"Veranstaltungen\",\"item\":\"https:\/\/web.gruene-zh.ch\/bezirk-affoltern?post_type=tribe_events\"},{\"@type\":\"ListItem\",\"position\":3,\"name\":\"April-Stamm GR\u00dcNE | SP\"}]},{\"@type\":\"WebSite\",\"@id\":\"https:\/\/web.gruene-zh.ch\/bezirk-affoltern\/#website\",\"url\":\"https:\/\/web.gruene-zh.ch\/bezirk-affoltern\/\",\"name\":\"GR\u00dcNE Bezirk Affoltern\",\"description\":\"Willkommen bei den GR\u00dcNEN Bezirk Affoltern\",\"potentialAction\":[{\"@type\":\"SearchAction\",\"target\":{\"@type\":\"EntryPoint\",\"urlTemplate\":\"https:\/\/web.gruene-zh.ch\/bezirk-affoltern\/?s={search_term_string}\"},\"query-input\":{\"@type\":\"PropertyValueSpecification\",\"valueRequired\":true,\"valueName\":\"search_term_string\"}}],\"inLanguage\":\"de\"}]}<\/script>\n<!-- \/ Yoast SEO plugin. -->","yoast_head_json":{"title":"GR\u00dcNE Bezirk Affoltern","description":"Wohnungsinitiativen Am 14. Juni 2026 stimmen wir \u00fcber 3 wohnungspolitische Inititativen ab.  JA zur Wohnungsinitiative der Gr\u00fcnen. Sie will Kanton und Gemeinden beauftragen, f\u00fcr ausreichend g\u00fcnstigen und klimafreundlichen Wohnraum zu sorgen. Der Kanton soll eine Wohnbaugesellschaft betreiben. NEIN zum untaugliche Gegenvorschlag des Regierungsrates.&nbsp;Er ist inhaltsleer und hat einziges Ziel die Initiative zu schw\u00e4chen JA zur Wohnschutzinitiative des Mieterverbands. Sie will Leerk\u00fcndigungen stoppen und bezahlbare Wohnungen sch\u00fctzen. NEIN zur Wohneigentums-Initiative. Sie will, dass gemeinn\u00fctzigen Wohnungen zu Eigentumswohnungen umgewandelt werden.  &nbsp;","robots":{"index":"index","follow":"follow","max-snippet":"max-snippet:-1","max-image-preview":"max-image-preview:large","max-video-preview":"max-video-preview:-1"},"canonical":"https:\/\/web.gruene-zh.ch\/bezirk-affoltern\/event\/stamm-2-2-2-2-2-2","og_locale":"de_DE","og_type":"article","og_description":"Wohnungsinitiativen Am 14. Juni 2026 stimmen wir \u00fcber 3 wohnungspolitische Inititativen ab. JA zur Wohnungsinitiative der Gr\u00fcnen. Sie \u2026","og_url":"https:\/\/web.gruene-zh.ch\/bezirk-affoltern\/event\/stamm-2-2-2-2-2-2","og_site_name":"GR\u00dcNE Bezirk Affoltern","article_modified_time":"2026-04-24T11:28:44+00:00","twitter_card":"summary_large_image","twitter_misc":{"Gesch\u00e4tzte Lesezeit":"4\u00a0Minuten"},"schema":{"@context":"https:\/\/schema.org","@graph":[{"@type":"WebPage","@id":"https:\/\/web.gruene-zh.ch\/bezirk-affoltern\/event\/stamm-2-2-2-2-2-2","url":"https:\/\/web.gruene-zh.ch\/bezirk-affoltern\/event\/stamm-2-2-2-2-2-2","name":"","isPartOf":{"@id":"https:\/\/web.gruene-zh.ch\/bezirk-affoltern\/#website"},"datePublished":"2026-03-16T22:03:43+00:00","dateModified":"2026-04-24T11:28:44+00:00","description":"Wohnungsinitiativen Am 14. Juni 2026 stimmen wir \u00fcber 3 wohnungspolitische Inititativen ab. \u2022 JA zur Wohnungsinitiative der Gr\u00fcnen. Sie will Kanton und Gemeinden beauftragen, f\u00fcr ausreichend g\u00fcnstigen und klimafreundlichen Wohnraum zu sorgen. Der Kanton soll eine Wohnbaugesellschaft betreiben. NEIN zum untaugliche Gegenvorschlag des Regierungsrates.&nbsp;Er ist inhaltsleer und hat einziges Ziel die Initiative zu schw\u00e4chen \u2022 JA zur Wohnschutzinitiative des Mieterverbands. Sie will Leerk\u00fcndigungen stoppen und bezahlbare Wohnungen sch\u00fctzen. \u2022 NEIN zur Wohneigentums-Initiative. Sie will, dass gemeinn\u00fctzigen Wohnungen zu Eigentumswohnungen umgewandelt werden. &nbsp;","breadcrumb":{"@id":"https:\/\/web.gruene-zh.ch\/bezirk-affoltern\/event\/stamm-2-2-2-2-2-2#breadcrumb"},"inLanguage":"de","potentialAction":[{"@type":"ReadAction","target":["https:\/\/web.gruene-zh.ch\/bezirk-affoltern\/event\/stamm-2-2-2-2-2-2"]}]},{"@type":"BreadcrumbList","@id":"https:\/\/web.gruene-zh.ch\/bezirk-affoltern\/event\/stamm-2-2-2-2-2-2#breadcrumb","itemListElement":[{"@type":"ListItem","position":1,"name":"Startseite","item":"https:\/\/web.gruene-zh.ch\/bezirk-affoltern\/"},{"@type":"ListItem","position":2,"name":"Veranstaltungen","item":"https:\/\/web.gruene-zh.ch\/bezirk-affoltern?post_type=tribe_events"},{"@type":"ListItem","position":3,"name":"April-Stamm GR\u00dcNE | SP"}]},{"@type":"WebSite","@id":"https:\/\/web.gruene-zh.ch\/bezirk-affoltern\/#website","url":"https:\/\/web.gruene-zh.ch\/bezirk-affoltern\/","name":"GR\u00dcNE Bezirk Affoltern","description":"Willkommen bei den GR\u00dcNEN Bezirk Affoltern","potentialAction":[{"@type":"SearchAction","target":{"@type":"EntryPoint","urlTemplate":"https:\/\/web.gruene-zh.ch\/bezirk-affoltern\/?s={search_term_string}"},"query-input":{"@type":"PropertyValueSpecification","valueRequired":true,"valueName":"search_term_string"}}],"inLanguage":"de"}]}},"_links":{"self":[{"href":"https:\/\/web.gruene-zh.ch\/bezirk-affoltern\/wp-json\/wp\/v2\/tribe_events\/1473","targetHints":{"allow":["GET"]}}],"collection":[{"href":"https:\/\/web.gruene-zh.ch\/bezirk-affoltern\/wp-json\/wp\/v2\/tribe_events"}],"about":[{"href":"https:\/\/web.gruene-zh.ch\/bezirk-affoltern\/wp-json\/wp\/v2\/types\/tribe_events"}],"author":[{"embeddable":true,"href":"https:\/\/web.gruene-zh.ch\/bezirk-affoltern\/wp-json\/wp\/v2\/users\/52"}],"version-history":[{"count":3,"href":"https:\/\/web.gruene-zh.ch\/bezirk-affoltern\/wp-json\/wp\/v2\/tribe_events\/1473\/revisions"}],"predecessor-version":[{"id":1530,"href":"https:\/\/web.gruene-zh.ch\/bezirk-affoltern\/wp-json\/wp\/v2\/tribe_events\/1473\/revisions\/1530"}],"wp:attachment":[{"href":"https:\/\/web.gruene-zh.ch\/bezirk-affoltern\/wp-json\/wp\/v2\/media?parent=1473"}],"wp:term":[{"taxonomy":"post_tag","embeddable":true,"href":"https:\/\/web.gruene-zh.ch\/bezirk-affoltern\/wp-json\/wp\/v2\/tags?post=1473"},{"taxonomy":"tribe_events_cat","embeddable":true,"href":"https:\/\/web.gruene-zh.ch\/bezirk-affoltern\/wp-json\/wp\/v2\/tribe_events_cat?post=1473"}],"curies":[{"name":"wp","href":"https:\/\/api.w.org\/{rel}","templated":true}]}}