{"id":527,"date":"2019-02-07T20:26:00","date_gmt":"2019-02-07T19:26:00","guid":{"rendered":"https:\/\/testing.2018.gruene.ch\/demo\/event\/klima-alarm-kundgebung-copy"},"modified":"2025-07-24T18:28:27","modified_gmt":"2025-07-24T16:28:27","slug":"klima-alarm","status":"publish","type":"tribe_events","link":"https:\/\/web.gruene-zh.ch\/affoltern\/event\/klima-alarm","title":{"rendered":"Veranstaltung zur Biodiversit\u00e4t in Affoltern"},"content":{"rendered":"","protected":false},"excerpt":{"rendered":"<p><img decoding=\"async\" class=\"alignnone size-full-width wp-image-1062\" src=\"https:\/\/web.gruene-zh.ch\/affoltern\/wp-content\/uploads\/sites\/24\/2019\/02\/biodiversitaet_04.09.2024_n-2560x0-c-default.jpg\" alt=\"\" width=\"2560\" srcset=\"https:\/\/web.gruene-zh.ch\/affoltern\/wp-content\/uploads\/sites\/24\/2019\/02\/biodiversitaet_04.09.2024_n-2560x0-c-default.jpg 2560w, https:\/\/web.gruene-zh.ch\/affoltern\/wp-content\/uploads\/sites\/24\/2019\/02\/biodiversitaet_04.09.2024_n-790x0-c-default.jpg 790w, https:\/\/web.gruene-zh.ch\/affoltern\/wp-content\/uploads\/sites\/24\/2019\/02\/biodiversitaet_04.09.2024_n-150x0-c-default.jpg 150w, https:\/\/web.gruene-zh.ch\/affoltern\/wp-content\/uploads\/sites\/24\/2019\/02\/biodiversitaet_04.09.2024_n-1200x0-c-default.jpg 1200w, https:\/\/web.gruene-zh.ch\/affoltern\/wp-content\/uploads\/sites\/24\/2019\/02\/biodiversitaet_04.09.2024_n.jpg 1080w\" sizes=\"(max-width: 2560px) 100vw, 2560px\" \/><\/p>\n<p>Urbane Gr\u00fcnr\u00e4ume werden auch als \u00abLungen\u00bb der St\u00e4dte bezeichnet.<br \/>\n<strong>Gr\u00fcnstadt Schweiz <\/strong>befasst sich mit der Qualit\u00e4t der \u00f6ffentlichen Gr\u00fcnr\u00e4ume. Im Zentrum stehen Nachhaltigkeit, Biodiversit\u00e4t und Klimaanpassung, z.B. die Schwammstadt.<br \/>\nZu bearbeiten sind \u00f6kologische, soziale, \u00e4sthetische und finanzielle Aspekte der Gr\u00fcn- und Freifl\u00e4chen im Siedlungsraum. Antonio Diblasi fokussiert auf den Handlungsspielraum der \u00f6ffentlichen Hand und dem Zusammenspiel mit den Privatg\u00e4rten.<\/p>\n","protected":false},"author":34,"featured_media":0,"template":"","meta":{"_acf_changed":false,"inline_featured_image":false,"_tribe_events_status":"","_tribe_events_status_reason":"","footnotes":""},"tags":[],"tribe_events_cat":[17],"class_list":["post-527","tribe_events","type-tribe_events","status-publish","hentry","tribe_events_cat-veranstaltungen","cat_veranstaltungen"],"acf":[],"yoast_head":"<!-- This site is optimized with the Yoast SEO plugin v26.9 - https:\/\/yoast.com\/product\/yoast-seo-wordpress\/ -->\n<title>GR\u00dcNE Affoltern<\/title>\n<meta name=\"description\" content=\"Urbane Gr\u00fcnr\u00e4ume werden auch als \u00abLungen\u00bb der St\u00e4dte bezeichnet. Gr\u00fcnstadt Schweiz befasst sich mit der Qualit\u00e4t der \u00f6ffentlichen Gr\u00fcnr\u00e4ume. Im Zentrum stehen Nachhaltigkeit, Biodiversit\u00e4t und Klimaanpassung, z.B. die Schwammstadt. Zu bearbeiten sind \u00f6kologische, soziale, \u00e4sthetische und finanzielle Aspekte der Gr\u00fcn- und Freifl\u00e4chen im Siedlungsraum. Antonio Diblasi fokussiert auf den Handlungsspielraum der \u00f6ffentlichen Hand und dem Zusammenspiel mit den Privatg\u00e4rten.\" \/>\n<meta name=\"robots\" content=\"index, follow, max-snippet:-1, max-image-preview:large, max-video-preview:-1\" \/>\n<link rel=\"canonical\" href=\"https:\/\/web.gruene-zh.ch\/affoltern\/event\/klima-alarm\" \/>\n<meta property=\"og:locale\" content=\"de_DE\" \/>\n<meta property=\"og:type\" content=\"article\" \/>\n<meta property=\"og:description\" content=\"Urbane Gr\u00fcnr\u00e4ume werden auch als \u00abLungen\u00bb der St\u00e4dte bezeichnet. Gr\u00fcnstadt Schweiz befasst sich mit der Qualit\u00e4t der \u00f6ffentlichen \u2026\" \/>\n<meta property=\"og:url\" content=\"https:\/\/web.gruene-zh.ch\/affoltern\/event\/klima-alarm\" \/>\n<meta property=\"og:site_name\" content=\"GR\u00dcNE Affoltern\" \/>\n<meta property=\"article:modified_time\" content=\"2025-07-24T16:28:27+00:00\" \/>\n<meta name=\"twitter:card\" content=\"summary_large_image\" \/>\n<meta name=\"twitter:label1\" content=\"Gesch\u00e4tzte Lesezeit\" \/>\n\t<meta name=\"twitter:data1\" content=\"1\u00a0Minute\" \/>\n<script type=\"application\/ld+json\" class=\"yoast-schema-graph\">{\"@context\":\"https:\/\/schema.org\",\"@graph\":[{\"@type\":\"WebPage\",\"@id\":\"https:\/\/web.gruene-zh.ch\/affoltern\/event\/klima-alarm\",\"url\":\"https:\/\/web.gruene-zh.ch\/affoltern\/event\/klima-alarm\",\"name\":\"\",\"isPartOf\":{\"@id\":\"https:\/\/web.gruene-zh.ch\/affoltern\/#website\"},\"datePublished\":\"2019-02-07T19:26:00+00:00\",\"dateModified\":\"2025-07-24T16:28:27+00:00\",\"description\":\"Urbane Gr\u00fcnr\u00e4ume werden auch als \u00abLungen\u00bb der St\u00e4dte bezeichnet. Gr\u00fcnstadt Schweiz befasst sich mit der Qualit\u00e4t der \u00f6ffentlichen Gr\u00fcnr\u00e4ume. Im Zentrum stehen Nachhaltigkeit, Biodiversit\u00e4t und Klimaanpassung, z.B. die Schwammstadt. Zu bearbeiten sind \u00f6kologische, soziale, \u00e4sthetische und finanzielle Aspekte der Gr\u00fcn- und Freifl\u00e4chen im Siedlungsraum. Antonio Diblasi fokussiert auf den Handlungsspielraum der \u00f6ffentlichen Hand und dem Zusammenspiel mit den Privatg\u00e4rten.\",\"breadcrumb\":{\"@id\":\"https:\/\/web.gruene-zh.ch\/affoltern\/event\/klima-alarm#breadcrumb\"},\"inLanguage\":\"de\",\"potentialAction\":[{\"@type\":\"ReadAction\",\"target\":[\"https:\/\/web.gruene-zh.ch\/affoltern\/event\/klima-alarm\"]}]},{\"@type\":\"BreadcrumbList\",\"@id\":\"https:\/\/web.gruene-zh.ch\/affoltern\/event\/klima-alarm#breadcrumb\",\"itemListElement\":[{\"@type\":\"ListItem\",\"position\":1,\"name\":\"Startseite\",\"item\":\"https:\/\/web.gruene-zh.ch\/affoltern\/\"},{\"@type\":\"ListItem\",\"position\":2,\"name\":\"Aktuell\",\"item\":\"https:\/\/web.gruene-zh.ch\/affoltern\/startseite\/aktuell#menu-item-605\"},{\"@type\":\"ListItem\",\"position\":3,\"name\":\"Agenda\"}]},{\"@type\":\"WebSite\",\"@id\":\"https:\/\/web.gruene-zh.ch\/affoltern\/#website\",\"url\":\"https:\/\/web.gruene-zh.ch\/affoltern\/\",\"name\":\"GR\u00dcNE Affoltern\",\"description\":\"Ein Plus an Lebensqualit\u00e4t. \",\"potentialAction\":[{\"@type\":\"SearchAction\",\"target\":{\"@type\":\"EntryPoint\",\"urlTemplate\":\"https:\/\/web.gruene-zh.ch\/affoltern\/?s={search_term_string}\"},\"query-input\":{\"@type\":\"PropertyValueSpecification\",\"valueRequired\":true,\"valueName\":\"search_term_string\"}}],\"inLanguage\":\"de\"}]}<\/script>\n<!-- \/ Yoast SEO plugin. -->","yoast_head_json":{"title":"GR\u00dcNE Affoltern","description":"Urbane Gr\u00fcnr\u00e4ume werden auch als \u00abLungen\u00bb der St\u00e4dte bezeichnet. Gr\u00fcnstadt Schweiz befasst sich mit der Qualit\u00e4t der \u00f6ffentlichen Gr\u00fcnr\u00e4ume. Im Zentrum stehen Nachhaltigkeit, Biodiversit\u00e4t und Klimaanpassung, z.B. die Schwammstadt. Zu bearbeiten sind \u00f6kologische, soziale, \u00e4sthetische und finanzielle Aspekte der Gr\u00fcn- und Freifl\u00e4chen im Siedlungsraum. Antonio Diblasi fokussiert auf den Handlungsspielraum der \u00f6ffentlichen Hand und dem Zusammenspiel mit den Privatg\u00e4rten.","robots":{"index":"index","follow":"follow","max-snippet":"max-snippet:-1","max-image-preview":"max-image-preview:large","max-video-preview":"max-video-preview:-1"},"canonical":"https:\/\/web.gruene-zh.ch\/affoltern\/event\/klima-alarm","og_locale":"de_DE","og_type":"article","og_description":"Urbane Gr\u00fcnr\u00e4ume werden auch als \u00abLungen\u00bb der St\u00e4dte bezeichnet. Gr\u00fcnstadt Schweiz befasst sich mit der Qualit\u00e4t der \u00f6ffentlichen \u2026","og_url":"https:\/\/web.gruene-zh.ch\/affoltern\/event\/klima-alarm","og_site_name":"GR\u00dcNE Affoltern","article_modified_time":"2025-07-24T16:28:27+00:00","twitter_card":"summary_large_image","twitter_misc":{"Gesch\u00e4tzte Lesezeit":"1\u00a0Minute"},"schema":{"@context":"https:\/\/schema.org","@graph":[{"@type":"WebPage","@id":"https:\/\/web.gruene-zh.ch\/affoltern\/event\/klima-alarm","url":"https:\/\/web.gruene-zh.ch\/affoltern\/event\/klima-alarm","name":"","isPartOf":{"@id":"https:\/\/web.gruene-zh.ch\/affoltern\/#website"},"datePublished":"2019-02-07T19:26:00+00:00","dateModified":"2025-07-24T16:28:27+00:00","description":"Urbane Gr\u00fcnr\u00e4ume werden auch als \u00abLungen\u00bb der St\u00e4dte bezeichnet. Gr\u00fcnstadt Schweiz befasst sich mit der Qualit\u00e4t der \u00f6ffentlichen Gr\u00fcnr\u00e4ume. Im Zentrum stehen Nachhaltigkeit, Biodiversit\u00e4t und Klimaanpassung, z.B. die Schwammstadt. Zu bearbeiten sind \u00f6kologische, soziale, \u00e4sthetische und finanzielle Aspekte der Gr\u00fcn- und Freifl\u00e4chen im Siedlungsraum. Antonio Diblasi fokussiert auf den Handlungsspielraum der \u00f6ffentlichen Hand und dem Zusammenspiel mit den Privatg\u00e4rten.","breadcrumb":{"@id":"https:\/\/web.gruene-zh.ch\/affoltern\/event\/klima-alarm#breadcrumb"},"inLanguage":"de","potentialAction":[{"@type":"ReadAction","target":["https:\/\/web.gruene-zh.ch\/affoltern\/event\/klima-alarm"]}]},{"@type":"BreadcrumbList","@id":"https:\/\/web.gruene-zh.ch\/affoltern\/event\/klima-alarm#breadcrumb","itemListElement":[{"@type":"ListItem","position":1,"name":"Startseite","item":"https:\/\/web.gruene-zh.ch\/affoltern\/"},{"@type":"ListItem","position":2,"name":"Aktuell","item":"https:\/\/web.gruene-zh.ch\/affoltern\/startseite\/aktuell#menu-item-605"},{"@type":"ListItem","position":3,"name":"Agenda"}]},{"@type":"WebSite","@id":"https:\/\/web.gruene-zh.ch\/affoltern\/#website","url":"https:\/\/web.gruene-zh.ch\/affoltern\/","name":"GR\u00dcNE Affoltern","description":"Ein Plus an Lebensqualit\u00e4t. ","potentialAction":[{"@type":"SearchAction","target":{"@type":"EntryPoint","urlTemplate":"https:\/\/web.gruene-zh.ch\/affoltern\/?s={search_term_string}"},"query-input":{"@type":"PropertyValueSpecification","valueRequired":true,"valueName":"search_term_string"}}],"inLanguage":"de"}]}},"_links":{"self":[{"href":"https:\/\/web.gruene-zh.ch\/affoltern\/wp-json\/wp\/v2\/tribe_events\/527","targetHints":{"allow":["GET"]}}],"collection":[{"href":"https:\/\/web.gruene-zh.ch\/affoltern\/wp-json\/wp\/v2\/tribe_events"}],"about":[{"href":"https:\/\/web.gruene-zh.ch\/affoltern\/wp-json\/wp\/v2\/types\/tribe_events"}],"author":[{"embeddable":true,"href":"https:\/\/web.gruene-zh.ch\/affoltern\/wp-json\/wp\/v2\/users\/34"}],"version-history":[{"count":9,"href":"https:\/\/web.gruene-zh.ch\/affoltern\/wp-json\/wp\/v2\/tribe_events\/527\/revisions"}],"predecessor-version":[{"id":1063,"href":"https:\/\/web.gruene-zh.ch\/affoltern\/wp-json\/wp\/v2\/tribe_events\/527\/revisions\/1063"}],"wp:attachment":[{"href":"https:\/\/web.gruene-zh.ch\/affoltern\/wp-json\/wp\/v2\/media?parent=527"}],"wp:term":[{"taxonomy":"post_tag","embeddable":true,"href":"https:\/\/web.gruene-zh.ch\/affoltern\/wp-json\/wp\/v2\/tags?post=527"},{"taxonomy":"tribe_events_cat","embeddable":true,"href":"https:\/\/web.gruene-zh.ch\/affoltern\/wp-json\/wp\/v2\/tribe_events_cat?post=527"}],"curies":[{"name":"wp","href":"https:\/\/api.w.org\/{rel}","templated":true}]}}