{"id":1650,"date":"2026-04-21T13:11:30","date_gmt":"2026-04-21T11:11:30","guid":{"rendered":"https:\/\/web.gruene-zh.ch\/affoltern\/?post_type=tribe_events&#038;p=1650"},"modified":"2026-04-24T12:36:30","modified_gmt":"2026-04-24T10:36:30","slug":"abstimmung-10-mio-schweiz","status":"publish","type":"tribe_events","link":"https:\/\/web.gruene-zh.ch\/affoltern\/event\/abstimmung-10-mio-schweiz","title":{"rendered":"Abstimmung 10 Mio Schweiz"},"content":{"rendered":"","protected":false},"excerpt":{"rendered":"<p>Die monatliche Diskussionsrunde von GR\u00dcNEN und SP wird im Mai von der SP zum aktuellen Abstimmungskampf der SVP organisiert.<\/p>\n<p><img loading=\"lazy\" decoding=\"async\" class=\"alignnone size-medium wp-image-1651\" src=\"https:\/\/web.gruene-zh.ch\/affoltern\/wp-content\/uploads\/sites\/24\/2026\/04\/10-Mio-Schweiz.Mai26_143x110-790x608.jpg\" alt=\"\" width=\"790\" height=\"608\" srcset=\"https:\/\/web.gruene-zh.ch\/affoltern\/wp-content\/uploads\/sites\/24\/2026\/04\/10-Mio-Schweiz.Mai26_143x110-790x608.jpg 790w, https:\/\/web.gruene-zh.ch\/affoltern\/wp-content\/uploads\/sites\/24\/2026\/04\/10-Mio-Schweiz.Mai26_143x110-1024x788.jpg 1024w, https:\/\/web.gruene-zh.ch\/affoltern\/wp-content\/uploads\/sites\/24\/2026\/04\/10-Mio-Schweiz.Mai26_143x110-150x115.jpg 150w, https:\/\/web.gruene-zh.ch\/affoltern\/wp-content\/uploads\/sites\/24\/2026\/04\/10-Mio-Schweiz.Mai26_143x110-768x591.jpg 768w, https:\/\/web.gruene-zh.ch\/affoltern\/wp-content\/uploads\/sites\/24\/2026\/04\/10-Mio-Schweiz.Mai26_143x110-400x308.jpg 400w, https:\/\/web.gruene-zh.ch\/affoltern\/wp-content\/uploads\/sites\/24\/2026\/04\/10-Mio-Schweiz.Mai26_143x110-1200x924.jpg 1200w, https:\/\/web.gruene-zh.ch\/affoltern\/wp-content\/uploads\/sites\/24\/2026\/04\/10-Mio-Schweiz.Mai26_143x110-1580x1216.jpg 1580w, https:\/\/web.gruene-zh.ch\/affoltern\/wp-content\/uploads\/sites\/24\/2026\/04\/10-Mio-Schweiz.Mai26_143x110.jpg 1689w\" sizes=\"auto, (max-width: 790px) 100vw, 790px\" \/><\/p>\n<p><strong>Informieren \u2013 Abw\u00e4gen \u2013 Mitentscheiden<br \/>\n<\/strong><strong>Podiumsdiskussion zur Abstimmungsvorlage \u00abKeine 10-Millionen-Schweiz\u00bb<\/strong><\/p>\n<p>Die Wogen gehen hoch, der Abstimmungskampf ist schon seit Wochen im Gange, von der wichtigsten Abstimmung der letzten Jahre wird gesprochen. F\u00fcr die Bef\u00fcrworter der SVP-Initiative \u00abKeine 10-Millionen-Schweiz\u00bb geht es um nicht weniger, als die Identit\u00e4t der Schweiz zu retten und das Land vor Zerst\u00f6rung zu bewahren. Die Gegner sprechen von verheerenden Folgen f\u00fcr die wirtschaftliche Leistungsf\u00e4higkeit und die Wohlfahrt und sehen in der drohenden K\u00fcndigung der Personenfreiz\u00fcgigkeit eine Destabilisierung und Isolierung unseres Landes in Europa. Die Positionen prallen in aller Sch\u00e4rfe aufeinander, Emotionen pr\u00e4gen die Diskussionen. Und wie immer ist es so, dass niemand die alleinige Wahrheit gepachtet hat, dass es nicht bloss schwarz-weiss T\u00f6ne gibt und es sich lohnt, die Argumente beider Seiten anzuh\u00f6ren.<\/p>\n<p>Dazu bietet die SP des Bezirks Affoltern Gelegenheit und organisiert am 6. Mai eine kontradiktorische Podiumsdiskussion. Die Argumente der Bef\u00fcrworter werden Nationalrat Martin Haab und Kantonsrat Marc Bochsler vertreten. F\u00fcr die Ablehnung der Initiative werden Nationalrat Fabian Molina und Kantonr\u00e4tin Renata Gr\u00fcnenfelder pl\u00e4dieren. Neben den Parlamentsmitgliedern wird Julius Felix, Co-Pr\u00e4sident der Bewegung \u00abOperation Libero\u00bb, Argumente f\u00fcr eine offene Schweiz in Europa aufzeigen. Moderiert wird der Abend von der Journalistin und Autorin Anja Knabenhans aus Affoltern. &nbsp;Eingeladen sind alle Interessierten, unabh\u00e4ngig von Parteizugeh\u00f6rigkeit und politischer Positionierung. Wer sich beim Ausf\u00fcllen des Stimmzettels nicht bloss auf Schlagworte abst\u00fctzen will, kann sich bei einer argumentativen Debatte vertiefter informieren und fundiert mitentscheiden.<\/p>\n","protected":false},"author":52,"featured_media":0,"template":"","meta":{"_acf_changed":false,"inline_featured_image":false,"_tribe_events_status":"","_tribe_events_status_reason":"","footnotes":""},"tags":[],"tribe_events_cat":[],"class_list":["post-1650","tribe_events","type-tribe_events","status-publish","hentry"],"acf":[],"yoast_head":"<!-- This site is optimized with the Yoast SEO plugin v26.9 - https:\/\/yoast.com\/product\/yoast-seo-wordpress\/ -->\n<title>GR\u00dcNE Affoltern<\/title>\n<meta name=\"description\" content=\"Die monatliche Diskussionsrunde von GR\u00dcNEN und SP wird im Mai von der SP zum aktuellen Abstimmungskampf der SVP organisiert.  Informieren \u2013 Abw\u00e4gen \u2013 Mitentscheiden Podiumsdiskussion zur Abstimmungsvorlage \u00abKeine 10-Millionen-Schweiz\u00bb Die Wogen gehen hoch, der Abstimmungskampf ist schon seit Wochen im Gange, von der wichtigsten Abstimmung der letzten Jahre wird gesprochen. F\u00fcr die Bef\u00fcrworter der SVP-Initiative \u00abKeine 10-Millionen-Schweiz\u00bb geht es um nicht weniger, als die Identit\u00e4t der Schweiz zu retten und das Land vor Zerst\u00f6rung zu bewahren. Die Gegner sprechen von verheerenden Folgen f\u00fcr die wirtschaftliche Leistungsf\u00e4higkeit und die Wohlfahrt und sehen in der drohenden K\u00fcndigung der Personenfreiz\u00fcgigkeit eine Destabilisierung und Isolierung unseres Landes in Europa. Die Positionen prallen in aller Sch\u00e4rfe aufeinander, Emotionen pr\u00e4gen die Diskussionen. Und wie immer ist es so, dass niemand die alleinige Wahrheit gepachtet hat, dass es nicht bloss schwarz-weiss T\u00f6ne gibt und es sich lohnt, die Argumente beider Seiten anzuh\u00f6ren. Dazu bietet die SP des Bezirks Affoltern Gelegenheit und organisiert am 6. Mai eine kontradiktorische Podiumsdiskussion. Die Argumente der Bef\u00fcrworter werden Nationalrat Martin Haab und Kantonsrat Marc Bochsler vertreten. F\u00fcr die Ablehnung der Initiative werden Nationalrat Fabian Molina und Kantonr\u00e4tin Renata Gr\u00fcnenfelder pl\u00e4dieren. Neben den Parlamentsmitgliedern wird Julius Felix, Co-Pr\u00e4sident der Bewegung \u00abOperation Libero\u00bb, Argumente f\u00fcr eine offene Schweiz in Europa aufzeigen. Moderiert wird der Abend von der Journalistin und Autorin Anja Knabenhans aus Affoltern. &nbsp;Eingeladen sind alle Interessierten, unabh\u00e4ngig von Parteizugeh\u00f6rigkeit und politischer Positionierung. Wer sich beim Ausf\u00fcllen des Stimmzettels nicht bloss auf Schlagworte abst\u00fctzen will, kann sich bei einer argumentativen Debatte vertiefter informieren und fundiert mitentscheiden.\" \/>\n<meta name=\"robots\" content=\"index, follow, max-snippet:-1, max-image-preview:large, max-video-preview:-1\" \/>\n<link rel=\"canonical\" href=\"https:\/\/web.gruene-zh.ch\/affoltern\/event\/abstimmung-10-mio-schweiz\" \/>\n<meta property=\"og:locale\" content=\"de_DE\" \/>\n<meta property=\"og:type\" content=\"article\" \/>\n<meta property=\"og:description\" content=\"Die monatliche Diskussionsrunde von GR\u00dcNEN und SP wird im Mai von der SP zum aktuellen Abstimmungskampf der SVP organisiert. Informieren \u2026\" \/>\n<meta property=\"og:url\" content=\"https:\/\/web.gruene-zh.ch\/affoltern\/event\/abstimmung-10-mio-schweiz\" \/>\n<meta property=\"og:site_name\" content=\"GR\u00dcNE Affoltern\" \/>\n<meta property=\"article:modified_time\" content=\"2026-04-24T10:36:30+00:00\" \/>\n<meta name=\"twitter:card\" content=\"summary_large_image\" \/>\n<meta name=\"twitter:label1\" content=\"Gesch\u00e4tzte Lesezeit\" \/>\n\t<meta name=\"twitter:data1\" content=\"2\u00a0Minuten\" \/>\n<script type=\"application\/ld+json\" class=\"yoast-schema-graph\">{\"@context\":\"https:\/\/schema.org\",\"@graph\":[{\"@type\":\"WebPage\",\"@id\":\"https:\/\/web.gruene-zh.ch\/affoltern\/event\/abstimmung-10-mio-schweiz\",\"url\":\"https:\/\/web.gruene-zh.ch\/affoltern\/event\/abstimmung-10-mio-schweiz\",\"name\":\"\",\"isPartOf\":{\"@id\":\"https:\/\/web.gruene-zh.ch\/affoltern\/#website\"},\"datePublished\":\"2026-04-21T11:11:30+00:00\",\"dateModified\":\"2026-04-24T10:36:30+00:00\",\"description\":\"Die monatliche Diskussionsrunde von GR\u00dcNEN und SP wird im Mai von der SP zum aktuellen Abstimmungskampf der SVP organisiert. Informieren \u2013 Abw\u00e4gen \u2013 Mitentscheiden Podiumsdiskussion zur Abstimmungsvorlage \u00abKeine 10-Millionen-Schweiz\u00bb Die Wogen gehen hoch, der Abstimmungskampf ist schon seit Wochen im Gange, von der wichtigsten Abstimmung der letzten Jahre wird gesprochen. F\u00fcr die Bef\u00fcrworter der SVP-Initiative \u00abKeine 10-Millionen-Schweiz\u00bb geht es um nicht weniger, als die Identit\u00e4t der Schweiz zu retten und das Land vor Zerst\u00f6rung zu bewahren. Die Gegner sprechen von verheerenden Folgen f\u00fcr die wirtschaftliche Leistungsf\u00e4higkeit und die Wohlfahrt und sehen in der drohenden K\u00fcndigung der Personenfreiz\u00fcgigkeit eine Destabilisierung und Isolierung unseres Landes in Europa. Die Positionen prallen in aller Sch\u00e4rfe aufeinander, Emotionen pr\u00e4gen die Diskussionen. Und wie immer ist es so, dass niemand die alleinige Wahrheit gepachtet hat, dass es nicht bloss schwarz-weiss T\u00f6ne gibt und es sich lohnt, die Argumente beider Seiten anzuh\u00f6ren. Dazu bietet die SP des Bezirks Affoltern Gelegenheit und organisiert am 6. Mai eine kontradiktorische Podiumsdiskussion. Die Argumente der Bef\u00fcrworter werden Nationalrat Martin Haab und Kantonsrat Marc Bochsler vertreten. F\u00fcr die Ablehnung der Initiative werden Nationalrat Fabian Molina und Kantonr\u00e4tin Renata Gr\u00fcnenfelder pl\u00e4dieren. Neben den Parlamentsmitgliedern wird Julius Felix, Co-Pr\u00e4sident der Bewegung \u00abOperation Libero\u00bb, Argumente f\u00fcr eine offene Schweiz in Europa aufzeigen. Moderiert wird der Abend von der Journalistin und Autorin Anja Knabenhans aus Affoltern. &nbsp;Eingeladen sind alle Interessierten, unabh\u00e4ngig von Parteizugeh\u00f6rigkeit und politischer Positionierung. Wer sich beim Ausf\u00fcllen des Stimmzettels nicht bloss auf Schlagworte abst\u00fctzen will, kann sich bei einer argumentativen Debatte vertiefter informieren und fundiert mitentscheiden.\",\"breadcrumb\":{\"@id\":\"https:\/\/web.gruene-zh.ch\/affoltern\/event\/abstimmung-10-mio-schweiz#breadcrumb\"},\"inLanguage\":\"de\",\"potentialAction\":[{\"@type\":\"ReadAction\",\"target\":[\"https:\/\/web.gruene-zh.ch\/affoltern\/event\/abstimmung-10-mio-schweiz\"]}]},{\"@type\":\"BreadcrumbList\",\"@id\":\"https:\/\/web.gruene-zh.ch\/affoltern\/event\/abstimmung-10-mio-schweiz#breadcrumb\",\"itemListElement\":[{\"@type\":\"ListItem\",\"position\":1,\"name\":\"Startseite\",\"item\":\"https:\/\/web.gruene-zh.ch\/affoltern\/\"},{\"@type\":\"ListItem\",\"position\":2,\"name\":\"Aktuell\",\"item\":\"https:\/\/web.gruene-zh.ch\/affoltern\/startseite\/aktuell#menu-item-605\"},{\"@type\":\"ListItem\",\"position\":3,\"name\":\"Agenda\"}]},{\"@type\":\"WebSite\",\"@id\":\"https:\/\/web.gruene-zh.ch\/affoltern\/#website\",\"url\":\"https:\/\/web.gruene-zh.ch\/affoltern\/\",\"name\":\"GR\u00dcNE Affoltern\",\"description\":\"Ein Plus an Lebensqualit\u00e4t. \",\"potentialAction\":[{\"@type\":\"SearchAction\",\"target\":{\"@type\":\"EntryPoint\",\"urlTemplate\":\"https:\/\/web.gruene-zh.ch\/affoltern\/?s={search_term_string}\"},\"query-input\":{\"@type\":\"PropertyValueSpecification\",\"valueRequired\":true,\"valueName\":\"search_term_string\"}}],\"inLanguage\":\"de\"}]}<\/script>\n<!-- \/ Yoast SEO plugin. -->","yoast_head_json":{"title":"GR\u00dcNE Affoltern","description":"Die monatliche Diskussionsrunde von GR\u00dcNEN und SP wird im Mai von der SP zum aktuellen Abstimmungskampf der SVP organisiert.  Informieren \u2013 Abw\u00e4gen \u2013 Mitentscheiden Podiumsdiskussion zur Abstimmungsvorlage \u00abKeine 10-Millionen-Schweiz\u00bb Die Wogen gehen hoch, der Abstimmungskampf ist schon seit Wochen im Gange, von der wichtigsten Abstimmung der letzten Jahre wird gesprochen. F\u00fcr die Bef\u00fcrworter der SVP-Initiative \u00abKeine 10-Millionen-Schweiz\u00bb geht es um nicht weniger, als die Identit\u00e4t der Schweiz zu retten und das Land vor Zerst\u00f6rung zu bewahren. Die Gegner sprechen von verheerenden Folgen f\u00fcr die wirtschaftliche Leistungsf\u00e4higkeit und die Wohlfahrt und sehen in der drohenden K\u00fcndigung der Personenfreiz\u00fcgigkeit eine Destabilisierung und Isolierung unseres Landes in Europa. Die Positionen prallen in aller Sch\u00e4rfe aufeinander, Emotionen pr\u00e4gen die Diskussionen. Und wie immer ist es so, dass niemand die alleinige Wahrheit gepachtet hat, dass es nicht bloss schwarz-weiss T\u00f6ne gibt und es sich lohnt, die Argumente beider Seiten anzuh\u00f6ren. Dazu bietet die SP des Bezirks Affoltern Gelegenheit und organisiert am 6. Mai eine kontradiktorische Podiumsdiskussion. Die Argumente der Bef\u00fcrworter werden Nationalrat Martin Haab und Kantonsrat Marc Bochsler vertreten. F\u00fcr die Ablehnung der Initiative werden Nationalrat Fabian Molina und Kantonr\u00e4tin Renata Gr\u00fcnenfelder pl\u00e4dieren. Neben den Parlamentsmitgliedern wird Julius Felix, Co-Pr\u00e4sident der Bewegung \u00abOperation Libero\u00bb, Argumente f\u00fcr eine offene Schweiz in Europa aufzeigen. Moderiert wird der Abend von der Journalistin und Autorin Anja Knabenhans aus Affoltern. &nbsp;Eingeladen sind alle Interessierten, unabh\u00e4ngig von Parteizugeh\u00f6rigkeit und politischer Positionierung. Wer sich beim Ausf\u00fcllen des Stimmzettels nicht bloss auf Schlagworte abst\u00fctzen will, kann sich bei einer argumentativen Debatte vertiefter informieren und fundiert mitentscheiden.","robots":{"index":"index","follow":"follow","max-snippet":"max-snippet:-1","max-image-preview":"max-image-preview:large","max-video-preview":"max-video-preview:-1"},"canonical":"https:\/\/web.gruene-zh.ch\/affoltern\/event\/abstimmung-10-mio-schweiz","og_locale":"de_DE","og_type":"article","og_description":"Die monatliche Diskussionsrunde von GR\u00dcNEN und SP wird im Mai von der SP zum aktuellen Abstimmungskampf der SVP organisiert. Informieren \u2026","og_url":"https:\/\/web.gruene-zh.ch\/affoltern\/event\/abstimmung-10-mio-schweiz","og_site_name":"GR\u00dcNE Affoltern","article_modified_time":"2026-04-24T10:36:30+00:00","twitter_card":"summary_large_image","twitter_misc":{"Gesch\u00e4tzte Lesezeit":"2\u00a0Minuten"},"schema":{"@context":"https:\/\/schema.org","@graph":[{"@type":"WebPage","@id":"https:\/\/web.gruene-zh.ch\/affoltern\/event\/abstimmung-10-mio-schweiz","url":"https:\/\/web.gruene-zh.ch\/affoltern\/event\/abstimmung-10-mio-schweiz","name":"","isPartOf":{"@id":"https:\/\/web.gruene-zh.ch\/affoltern\/#website"},"datePublished":"2026-04-21T11:11:30+00:00","dateModified":"2026-04-24T10:36:30+00:00","description":"Die monatliche Diskussionsrunde von GR\u00dcNEN und SP wird im Mai von der SP zum aktuellen Abstimmungskampf der SVP organisiert. Informieren \u2013 Abw\u00e4gen \u2013 Mitentscheiden Podiumsdiskussion zur Abstimmungsvorlage \u00abKeine 10-Millionen-Schweiz\u00bb Die Wogen gehen hoch, der Abstimmungskampf ist schon seit Wochen im Gange, von der wichtigsten Abstimmung der letzten Jahre wird gesprochen. F\u00fcr die Bef\u00fcrworter der SVP-Initiative \u00abKeine 10-Millionen-Schweiz\u00bb geht es um nicht weniger, als die Identit\u00e4t der Schweiz zu retten und das Land vor Zerst\u00f6rung zu bewahren. Die Gegner sprechen von verheerenden Folgen f\u00fcr die wirtschaftliche Leistungsf\u00e4higkeit und die Wohlfahrt und sehen in der drohenden K\u00fcndigung der Personenfreiz\u00fcgigkeit eine Destabilisierung und Isolierung unseres Landes in Europa. Die Positionen prallen in aller Sch\u00e4rfe aufeinander, Emotionen pr\u00e4gen die Diskussionen. Und wie immer ist es so, dass niemand die alleinige Wahrheit gepachtet hat, dass es nicht bloss schwarz-weiss T\u00f6ne gibt und es sich lohnt, die Argumente beider Seiten anzuh\u00f6ren. Dazu bietet die SP des Bezirks Affoltern Gelegenheit und organisiert am 6. Mai eine kontradiktorische Podiumsdiskussion. Die Argumente der Bef\u00fcrworter werden Nationalrat Martin Haab und Kantonsrat Marc Bochsler vertreten. F\u00fcr die Ablehnung der Initiative werden Nationalrat Fabian Molina und Kantonr\u00e4tin Renata Gr\u00fcnenfelder pl\u00e4dieren. Neben den Parlamentsmitgliedern wird Julius Felix, Co-Pr\u00e4sident der Bewegung \u00abOperation Libero\u00bb, Argumente f\u00fcr eine offene Schweiz in Europa aufzeigen. Moderiert wird der Abend von der Journalistin und Autorin Anja Knabenhans aus Affoltern. &nbsp;Eingeladen sind alle Interessierten, unabh\u00e4ngig von Parteizugeh\u00f6rigkeit und politischer Positionierung. Wer sich beim Ausf\u00fcllen des Stimmzettels nicht bloss auf Schlagworte abst\u00fctzen will, kann sich bei einer argumentativen Debatte vertiefter informieren und fundiert mitentscheiden.","breadcrumb":{"@id":"https:\/\/web.gruene-zh.ch\/affoltern\/event\/abstimmung-10-mio-schweiz#breadcrumb"},"inLanguage":"de","potentialAction":[{"@type":"ReadAction","target":["https:\/\/web.gruene-zh.ch\/affoltern\/event\/abstimmung-10-mio-schweiz"]}]},{"@type":"BreadcrumbList","@id":"https:\/\/web.gruene-zh.ch\/affoltern\/event\/abstimmung-10-mio-schweiz#breadcrumb","itemListElement":[{"@type":"ListItem","position":1,"name":"Startseite","item":"https:\/\/web.gruene-zh.ch\/affoltern\/"},{"@type":"ListItem","position":2,"name":"Aktuell","item":"https:\/\/web.gruene-zh.ch\/affoltern\/startseite\/aktuell#menu-item-605"},{"@type":"ListItem","position":3,"name":"Agenda"}]},{"@type":"WebSite","@id":"https:\/\/web.gruene-zh.ch\/affoltern\/#website","url":"https:\/\/web.gruene-zh.ch\/affoltern\/","name":"GR\u00dcNE Affoltern","description":"Ein Plus an Lebensqualit\u00e4t. ","potentialAction":[{"@type":"SearchAction","target":{"@type":"EntryPoint","urlTemplate":"https:\/\/web.gruene-zh.ch\/affoltern\/?s={search_term_string}"},"query-input":{"@type":"PropertyValueSpecification","valueRequired":true,"valueName":"search_term_string"}}],"inLanguage":"de"}]}},"_links":{"self":[{"href":"https:\/\/web.gruene-zh.ch\/affoltern\/wp-json\/wp\/v2\/tribe_events\/1650","targetHints":{"allow":["GET"]}}],"collection":[{"href":"https:\/\/web.gruene-zh.ch\/affoltern\/wp-json\/wp\/v2\/tribe_events"}],"about":[{"href":"https:\/\/web.gruene-zh.ch\/affoltern\/wp-json\/wp\/v2\/types\/tribe_events"}],"author":[{"embeddable":true,"href":"https:\/\/web.gruene-zh.ch\/affoltern\/wp-json\/wp\/v2\/users\/52"}],"version-history":[{"count":6,"href":"https:\/\/web.gruene-zh.ch\/affoltern\/wp-json\/wp\/v2\/tribe_events\/1650\/revisions"}],"predecessor-version":[{"id":1674,"href":"https:\/\/web.gruene-zh.ch\/affoltern\/wp-json\/wp\/v2\/tribe_events\/1650\/revisions\/1674"}],"wp:attachment":[{"href":"https:\/\/web.gruene-zh.ch\/affoltern\/wp-json\/wp\/v2\/media?parent=1650"}],"wp:term":[{"taxonomy":"post_tag","embeddable":true,"href":"https:\/\/web.gruene-zh.ch\/affoltern\/wp-json\/wp\/v2\/tags?post=1650"},{"taxonomy":"tribe_events_cat","embeddable":true,"href":"https:\/\/web.gruene-zh.ch\/affoltern\/wp-json\/wp\/v2\/tribe_events_cat?post=1650"}],"curies":[{"name":"wp","href":"https:\/\/api.w.org\/{rel}","templated":true}]}}