{"id":1505,"date":"2025-12-11T16:06:59","date_gmt":"2025-12-11T15:06:59","guid":{"rendered":"https:\/\/web.gruene-zh.ch\/affoltern\/?post_type=tribe_events&#038;p=1505"},"modified":"2026-01-11T21:59:21","modified_gmt":"2026-01-11T20:59:21","slug":"polit-stamm-2-2-2-2","status":"publish","type":"tribe_events","link":"https:\/\/web.gruene-zh.ch\/affoltern\/event\/polit-stamm-2-2-2-2","title":{"rendered":"Polit-Stamm Gr\u00fcne | SP Dezember"},"content":{"rendered":"","protected":false},"excerpt":{"rendered":"<p><strong>Hotellobby des Prizeotel Radisson, <\/strong><strong>Obstgartenstrasse 7, 8910 Affoltern am Albis<\/strong><\/p>\n<p><strong>Integration durch Arbeit \u2013 Chancen und Herausforderungen f\u00fcr Menschen mit Fluchthintergrund<\/strong><\/p>\n<p>mit Regula Ochsner, Felix F\u00fcrer und Martina Heuss&nbsp;<\/p>\n<p>Wie gelingt Integration wirklich? F\u00fcr uns im Amt gilt die Antwort: durch Teilhabe. Und Teilhabe beginnt dort, wo Menschen ihre F\u00e4higkeiten einbringen k\u00f6nnen, vor allem in der Arbeitswelt.<\/p>\n<p>Gefl\u00fcchtete Menschen bringen oft beeindruckende Talente, Fertigkeiten und Lebenserfahrung mit. Viele sind hoch motiviert, sich einzubringen, zu lernen und zu arbeiten. Sie wollen nicht lange als Sozialhilfeempf\u00e4nger gelten, sondern als Mitgestaltende unserer Gesellschaft. Arbeit bedeutet f\u00fcr sie nicht nur Einkommen, sondern W\u00fcrde, Selbstst\u00e4ndigkeit und Zugeh\u00f6rigkeit. Integration ist kein einseitiger Prozess. Sie gelingt, wenn wir R\u00e4ume schaffen, in denen Menschen sich entwickeln k\u00f6nnen. Wenn wir nicht nur \u00fcber Teilhabe sprechen, sondern sie mit erm\u00f6glichen. Arbeit ist dabei ein Schl\u00fcssel f\u00fcr W\u00fcrde, f\u00fcr Selbstst\u00e4ndigkeit, f\u00fcr ein neues Zuhause, f\u00fcr ein Miteinander.<\/p>\n<p>Wir unterst\u00fctzen diese Menschen im Amt auf vielf\u00e4ltige Weise. Erfahren sie mehr am Abend.<\/p>\n","protected":false},"author":52,"featured_media":0,"template":"","meta":{"_acf_changed":false,"inline_featured_image":false,"_tribe_events_status":"","_tribe_events_status_reason":"","footnotes":""},"tags":[],"tribe_events_cat":[17],"class_list":["post-1505","tribe_events","type-tribe_events","status-publish","hentry","tribe_events_cat-veranstaltungen","cat_veranstaltungen"],"acf":[],"yoast_head":"<!-- This site is optimized with the Yoast SEO plugin v26.9 - https:\/\/yoast.com\/product\/yoast-seo-wordpress\/ -->\n<title>GR\u00dcNE Affoltern<\/title>\n<meta name=\"description\" content=\"Hotellobby des Prizeotel Radisson, Obstgartenstrasse 7, 8910 Affoltern am Albis Integration durch Arbeit \u2013 Chancen und Herausforderungen f\u00fcr Menschen mit Fluchthintergrund mit Regula Ochsner, Felix F\u00fcrer und Martina Heuss&nbsp; Wie gelingt Integration wirklich? F\u00fcr uns im Amt gilt die Antwort: durch Teilhabe. Und Teilhabe beginnt dort, wo Menschen ihre F\u00e4higkeiten einbringen k\u00f6nnen, vor allem in der Arbeitswelt. Gefl\u00fcchtete Menschen bringen oft beeindruckende Talente, Fertigkeiten und Lebenserfahrung mit. Viele sind hoch motiviert, sich einzubringen, zu lernen und zu arbeiten. Sie wollen nicht lange als Sozialhilfeempf\u00e4nger gelten, sondern als Mitgestaltende unserer Gesellschaft. Arbeit bedeutet f\u00fcr sie nicht nur Einkommen, sondern W\u00fcrde, Selbstst\u00e4ndigkeit und Zugeh\u00f6rigkeit. Integration ist kein einseitiger Prozess. Sie gelingt, wenn wir R\u00e4ume schaffen, in denen Menschen sich entwickeln k\u00f6nnen. Wenn wir nicht nur \u00fcber Teilhabe sprechen, sondern sie mit erm\u00f6glichen. Arbeit ist dabei ein Schl\u00fcssel f\u00fcr W\u00fcrde, f\u00fcr Selbstst\u00e4ndigkeit, f\u00fcr ein neues Zuhause, f\u00fcr ein Miteinander. Wir unterst\u00fctzen diese Menschen im Amt auf vielf\u00e4ltige Weise. Erfahren sie mehr am Abend.\" \/>\n<meta name=\"robots\" content=\"index, follow, max-snippet:-1, max-image-preview:large, max-video-preview:-1\" \/>\n<link rel=\"canonical\" href=\"https:\/\/web.gruene-zh.ch\/affoltern\/event\/polit-stamm-2-2-2-2\" \/>\n<meta property=\"og:locale\" content=\"de_DE\" \/>\n<meta property=\"og:type\" content=\"article\" \/>\n<meta property=\"og:description\" content=\"Hotellobby des Prizeotel Radisson, Obstgartenstrasse 7, 8910 Affoltern am Albis Integration durch Arbeit \u2013 Chancen und Herausforderungen \u2026\" \/>\n<meta property=\"og:url\" content=\"https:\/\/web.gruene-zh.ch\/affoltern\/event\/polit-stamm-2-2-2-2\" \/>\n<meta property=\"og:site_name\" content=\"GR\u00dcNE Affoltern\" \/>\n<meta property=\"article:modified_time\" content=\"2026-01-11T20:59:21+00:00\" \/>\n<meta name=\"twitter:card\" content=\"summary_large_image\" \/>\n<meta name=\"twitter:label1\" content=\"Gesch\u00e4tzte Lesezeit\" \/>\n\t<meta name=\"twitter:data1\" content=\"2\u00a0Minuten\" \/>\n<script type=\"application\/ld+json\" class=\"yoast-schema-graph\">{\"@context\":\"https:\/\/schema.org\",\"@graph\":[{\"@type\":\"WebPage\",\"@id\":\"https:\/\/web.gruene-zh.ch\/affoltern\/event\/polit-stamm-2-2-2-2\",\"url\":\"https:\/\/web.gruene-zh.ch\/affoltern\/event\/polit-stamm-2-2-2-2\",\"name\":\"\",\"isPartOf\":{\"@id\":\"https:\/\/web.gruene-zh.ch\/affoltern\/#website\"},\"datePublished\":\"2025-12-11T15:06:59+00:00\",\"dateModified\":\"2026-01-11T20:59:21+00:00\",\"description\":\"Hotellobby des Prizeotel Radisson, Obstgartenstrasse 7, 8910 Affoltern am Albis Integration durch Arbeit \u2013 Chancen und Herausforderungen f\u00fcr Menschen mit Fluchthintergrund mit Regula Ochsner, Felix F\u00fcrer und Martina Heuss&nbsp; Wie gelingt Integration wirklich? F\u00fcr uns im Amt gilt die Antwort: durch Teilhabe. Und Teilhabe beginnt dort, wo Menschen ihre F\u00e4higkeiten einbringen k\u00f6nnen, vor allem in der Arbeitswelt. Gefl\u00fcchtete Menschen bringen oft beeindruckende Talente, Fertigkeiten und Lebenserfahrung mit. Viele sind hoch motiviert, sich einzubringen, zu lernen und zu arbeiten. Sie wollen nicht lange als Sozialhilfeempf\u00e4nger gelten, sondern als Mitgestaltende unserer Gesellschaft. Arbeit bedeutet f\u00fcr sie nicht nur Einkommen, sondern W\u00fcrde, Selbstst\u00e4ndigkeit und Zugeh\u00f6rigkeit. Integration ist kein einseitiger Prozess. Sie gelingt, wenn wir R\u00e4ume schaffen, in denen Menschen sich entwickeln k\u00f6nnen. Wenn wir nicht nur \u00fcber Teilhabe sprechen, sondern sie mit erm\u00f6glichen. Arbeit ist dabei ein Schl\u00fcssel f\u00fcr W\u00fcrde, f\u00fcr Selbstst\u00e4ndigkeit, f\u00fcr ein neues Zuhause, f\u00fcr ein Miteinander. Wir unterst\u00fctzen diese Menschen im Amt auf vielf\u00e4ltige Weise. Erfahren sie mehr am Abend.\",\"breadcrumb\":{\"@id\":\"https:\/\/web.gruene-zh.ch\/affoltern\/event\/polit-stamm-2-2-2-2#breadcrumb\"},\"inLanguage\":\"de\",\"potentialAction\":[{\"@type\":\"ReadAction\",\"target\":[\"https:\/\/web.gruene-zh.ch\/affoltern\/event\/polit-stamm-2-2-2-2\"]}]},{\"@type\":\"BreadcrumbList\",\"@id\":\"https:\/\/web.gruene-zh.ch\/affoltern\/event\/polit-stamm-2-2-2-2#breadcrumb\",\"itemListElement\":[{\"@type\":\"ListItem\",\"position\":1,\"name\":\"Startseite\",\"item\":\"https:\/\/web.gruene-zh.ch\/affoltern\/\"},{\"@type\":\"ListItem\",\"position\":2,\"name\":\"Aktuell\",\"item\":\"https:\/\/web.gruene-zh.ch\/affoltern\/startseite\/aktuell#menu-item-605\"},{\"@type\":\"ListItem\",\"position\":3,\"name\":\"Agenda\"}]},{\"@type\":\"WebSite\",\"@id\":\"https:\/\/web.gruene-zh.ch\/affoltern\/#website\",\"url\":\"https:\/\/web.gruene-zh.ch\/affoltern\/\",\"name\":\"GR\u00dcNE Affoltern\",\"description\":\"Ein Plus an Lebensqualit\u00e4t. \",\"potentialAction\":[{\"@type\":\"SearchAction\",\"target\":{\"@type\":\"EntryPoint\",\"urlTemplate\":\"https:\/\/web.gruene-zh.ch\/affoltern\/?s={search_term_string}\"},\"query-input\":{\"@type\":\"PropertyValueSpecification\",\"valueRequired\":true,\"valueName\":\"search_term_string\"}}],\"inLanguage\":\"de\"}]}<\/script>\n<!-- \/ Yoast SEO plugin. -->","yoast_head_json":{"title":"GR\u00dcNE Affoltern","description":"Hotellobby des Prizeotel Radisson, Obstgartenstrasse 7, 8910 Affoltern am Albis Integration durch Arbeit \u2013 Chancen und Herausforderungen f\u00fcr Menschen mit Fluchthintergrund mit Regula Ochsner, Felix F\u00fcrer und Martina Heuss&nbsp; Wie gelingt Integration wirklich? F\u00fcr uns im Amt gilt die Antwort: durch Teilhabe. Und Teilhabe beginnt dort, wo Menschen ihre F\u00e4higkeiten einbringen k\u00f6nnen, vor allem in der Arbeitswelt. Gefl\u00fcchtete Menschen bringen oft beeindruckende Talente, Fertigkeiten und Lebenserfahrung mit. Viele sind hoch motiviert, sich einzubringen, zu lernen und zu arbeiten. Sie wollen nicht lange als Sozialhilfeempf\u00e4nger gelten, sondern als Mitgestaltende unserer Gesellschaft. Arbeit bedeutet f\u00fcr sie nicht nur Einkommen, sondern W\u00fcrde, Selbstst\u00e4ndigkeit und Zugeh\u00f6rigkeit. Integration ist kein einseitiger Prozess. Sie gelingt, wenn wir R\u00e4ume schaffen, in denen Menschen sich entwickeln k\u00f6nnen. Wenn wir nicht nur \u00fcber Teilhabe sprechen, sondern sie mit erm\u00f6glichen. Arbeit ist dabei ein Schl\u00fcssel f\u00fcr W\u00fcrde, f\u00fcr Selbstst\u00e4ndigkeit, f\u00fcr ein neues Zuhause, f\u00fcr ein Miteinander. Wir unterst\u00fctzen diese Menschen im Amt auf vielf\u00e4ltige Weise. Erfahren sie mehr am Abend.","robots":{"index":"index","follow":"follow","max-snippet":"max-snippet:-1","max-image-preview":"max-image-preview:large","max-video-preview":"max-video-preview:-1"},"canonical":"https:\/\/web.gruene-zh.ch\/affoltern\/event\/polit-stamm-2-2-2-2","og_locale":"de_DE","og_type":"article","og_description":"Hotellobby des Prizeotel Radisson, Obstgartenstrasse 7, 8910 Affoltern am Albis Integration durch Arbeit \u2013 Chancen und Herausforderungen \u2026","og_url":"https:\/\/web.gruene-zh.ch\/affoltern\/event\/polit-stamm-2-2-2-2","og_site_name":"GR\u00dcNE Affoltern","article_modified_time":"2026-01-11T20:59:21+00:00","twitter_card":"summary_large_image","twitter_misc":{"Gesch\u00e4tzte Lesezeit":"2\u00a0Minuten"},"schema":{"@context":"https:\/\/schema.org","@graph":[{"@type":"WebPage","@id":"https:\/\/web.gruene-zh.ch\/affoltern\/event\/polit-stamm-2-2-2-2","url":"https:\/\/web.gruene-zh.ch\/affoltern\/event\/polit-stamm-2-2-2-2","name":"","isPartOf":{"@id":"https:\/\/web.gruene-zh.ch\/affoltern\/#website"},"datePublished":"2025-12-11T15:06:59+00:00","dateModified":"2026-01-11T20:59:21+00:00","description":"Hotellobby des Prizeotel Radisson, Obstgartenstrasse 7, 8910 Affoltern am Albis Integration durch Arbeit \u2013 Chancen und Herausforderungen f\u00fcr Menschen mit Fluchthintergrund mit Regula Ochsner, Felix F\u00fcrer und Martina Heuss&nbsp; Wie gelingt Integration wirklich? F\u00fcr uns im Amt gilt die Antwort: durch Teilhabe. Und Teilhabe beginnt dort, wo Menschen ihre F\u00e4higkeiten einbringen k\u00f6nnen, vor allem in der Arbeitswelt. Gefl\u00fcchtete Menschen bringen oft beeindruckende Talente, Fertigkeiten und Lebenserfahrung mit. Viele sind hoch motiviert, sich einzubringen, zu lernen und zu arbeiten. Sie wollen nicht lange als Sozialhilfeempf\u00e4nger gelten, sondern als Mitgestaltende unserer Gesellschaft. Arbeit bedeutet f\u00fcr sie nicht nur Einkommen, sondern W\u00fcrde, Selbstst\u00e4ndigkeit und Zugeh\u00f6rigkeit. Integration ist kein einseitiger Prozess. Sie gelingt, wenn wir R\u00e4ume schaffen, in denen Menschen sich entwickeln k\u00f6nnen. Wenn wir nicht nur \u00fcber Teilhabe sprechen, sondern sie mit erm\u00f6glichen. Arbeit ist dabei ein Schl\u00fcssel f\u00fcr W\u00fcrde, f\u00fcr Selbstst\u00e4ndigkeit, f\u00fcr ein neues Zuhause, f\u00fcr ein Miteinander. Wir unterst\u00fctzen diese Menschen im Amt auf vielf\u00e4ltige Weise. Erfahren sie mehr am Abend.","breadcrumb":{"@id":"https:\/\/web.gruene-zh.ch\/affoltern\/event\/polit-stamm-2-2-2-2#breadcrumb"},"inLanguage":"de","potentialAction":[{"@type":"ReadAction","target":["https:\/\/web.gruene-zh.ch\/affoltern\/event\/polit-stamm-2-2-2-2"]}]},{"@type":"BreadcrumbList","@id":"https:\/\/web.gruene-zh.ch\/affoltern\/event\/polit-stamm-2-2-2-2#breadcrumb","itemListElement":[{"@type":"ListItem","position":1,"name":"Startseite","item":"https:\/\/web.gruene-zh.ch\/affoltern\/"},{"@type":"ListItem","position":2,"name":"Aktuell","item":"https:\/\/web.gruene-zh.ch\/affoltern\/startseite\/aktuell#menu-item-605"},{"@type":"ListItem","position":3,"name":"Agenda"}]},{"@type":"WebSite","@id":"https:\/\/web.gruene-zh.ch\/affoltern\/#website","url":"https:\/\/web.gruene-zh.ch\/affoltern\/","name":"GR\u00dcNE Affoltern","description":"Ein Plus an Lebensqualit\u00e4t. ","potentialAction":[{"@type":"SearchAction","target":{"@type":"EntryPoint","urlTemplate":"https:\/\/web.gruene-zh.ch\/affoltern\/?s={search_term_string}"},"query-input":{"@type":"PropertyValueSpecification","valueRequired":true,"valueName":"search_term_string"}}],"inLanguage":"de"}]}},"_links":{"self":[{"href":"https:\/\/web.gruene-zh.ch\/affoltern\/wp-json\/wp\/v2\/tribe_events\/1505","targetHints":{"allow":["GET"]}}],"collection":[{"href":"https:\/\/web.gruene-zh.ch\/affoltern\/wp-json\/wp\/v2\/tribe_events"}],"about":[{"href":"https:\/\/web.gruene-zh.ch\/affoltern\/wp-json\/wp\/v2\/types\/tribe_events"}],"author":[{"embeddable":true,"href":"https:\/\/web.gruene-zh.ch\/affoltern\/wp-json\/wp\/v2\/users\/52"}],"version-history":[{"count":4,"href":"https:\/\/web.gruene-zh.ch\/affoltern\/wp-json\/wp\/v2\/tribe_events\/1505\/revisions"}],"predecessor-version":[{"id":1544,"href":"https:\/\/web.gruene-zh.ch\/affoltern\/wp-json\/wp\/v2\/tribe_events\/1505\/revisions\/1544"}],"wp:attachment":[{"href":"https:\/\/web.gruene-zh.ch\/affoltern\/wp-json\/wp\/v2\/media?parent=1505"}],"wp:term":[{"taxonomy":"post_tag","embeddable":true,"href":"https:\/\/web.gruene-zh.ch\/affoltern\/wp-json\/wp\/v2\/tags?post=1505"},{"taxonomy":"tribe_events_cat","embeddable":true,"href":"https:\/\/web.gruene-zh.ch\/affoltern\/wp-json\/wp\/v2\/tribe_events_cat?post=1505"}],"curies":[{"name":"wp","href":"https:\/\/api.w.org\/{rel}","templated":true}]}}