{"id":1310,"date":"2025-09-10T14:51:38","date_gmt":"2025-09-10T12:51:38","guid":{"rendered":"https:\/\/web.gruene-zh.ch\/affoltern\/?post_type=tribe_events&#038;p=1310"},"modified":"2025-09-25T21:35:23","modified_gmt":"2025-09-25T19:35:23","slug":"polit-stamm-2","status":"publish","type":"tribe_events","link":"https:\/\/web.gruene-zh.ch\/affoltern\/event\/polit-stamm-2","title":{"rendered":"Polit-Stamm Gr\u00fcne und SP; Politik und Kunst"},"content":{"rendered":"","protected":false},"excerpt":{"rendered":"<h3><strong>Polit-Stamm: Politik und Kunst \u2013 die politische Kraft der Kunst<\/strong><\/h3>\n<p>Das wohl ber\u00fchmteste politische Bild ist \u00ab<em>Guernica\u00bb<\/em> von Pablo Picasso. Es entstand 1937 als Reaktion auf die Zerst\u00f6rung der baskischen Stadt Guernica durch deutsche und italienische Luftangriffe w\u00e4hrend des Spanischen B\u00fcrgerkriegs. Picasso \u00e4usserte sich dazu:&nbsp;<em>\u00abEs ist mein Wunsch, Sie daran zu erinnern, dass ich stets davon \u00fcberzeugt war und noch immer davon \u00fcberzeugt bin, dass ein K\u00fcnstler, der mit geistigen Werten lebt und umgeht, angesichts eines Konflikts, in dem die h\u00f6chsten Werte der Humanit\u00e4t und Zivilisation auf dem Spiel stehen, sich nicht gleichg\u00fcltig verhalten kann.\u00bb<br \/>\n<\/em>Picasso war nicht der Einzige: Von Diego Rivera \u00fcber Keith Haring bis zu den zeitgen\u00f6ssischen K\u00fcnstlern Ai Weiwei (Themen: Meinungsfreiheit, Menschenrechte, Flucht) und Banksy haben viele Kunstschaffende politisch Stellung bezogen.<br \/>\nDoch was will Protestkunst?<\/p>\n<ul>\n<li>Bewusstsein schaffen?<\/li>\n<li>Eine Debatte anstossen?<\/li>\n<li>Hoffnung schenken oder gar Ver\u00e4nderung bewirken?<\/li>\n<\/ul>\n<p>Und wie wirkt sie auf die Machthaber \u2013 als Konfrontation, Druckmittel oder symbolischer Angriff?<br \/>\nWer behauptet, Kunst habe nichts mit Politik zu tun, verkennt ihre Wirkung und ihre Geschichte. Gerade der Versuch, Kunst zu verbieten oder zu vereinnahmen \u2013 man denke an die \u00abEntartete Kunst\u00bb im Dritten Reich \u2013 belegt ihre politische Kraft. Kunst regt zum Denken an, kann verunsichern und er\u00f6ffnet alternative Weltbilder.<\/p>\n<p>Das Thema <strong>\u00abPolitik und Kunst\u00bb<\/strong> bietet also viele spannende Ankn\u00fcpfungspunkte: von kulturpolitischen Fragen \u00fcber die Rolle der Kunst in einer Demokratie bis hin zur gesellschaftlichen Wirkung k\u00fcnstlerischer Ausdrucksformen.<br \/>\nDiese Fragen stehen im Zentrum des n\u00e4chsten <strong>Polit-Stamms<\/strong>. Zu Gast sind die beiden \u00c4mtler K\u00fcnstlerinnen <strong>Marlies Achermann-Gisinger<\/strong> und <strong>Carmen Cabert Steiner<\/strong>, die ihre Sichtweisen in die Diskussion einbringen.<br \/>\nDer Polit-Stamm ist offen f\u00fcr alle. Einfach vorbeikommen, zuh\u00f6ren, Fragen stellen und mitdiskutieren.&nbsp;<br \/>\nStefan Kessler, Gr\u00fcne Bezirk Affoltern<\/p>\n","protected":false},"author":52,"featured_media":0,"template":"","meta":{"_acf_changed":false,"inline_featured_image":false,"_tribe_events_status":"","_tribe_events_status_reason":"","footnotes":""},"tags":[],"tribe_events_cat":[17],"class_list":["post-1310","tribe_events","type-tribe_events","status-publish","hentry","tribe_events_cat-veranstaltungen","cat_veranstaltungen"],"acf":[],"yoast_head":"<!-- This site is optimized with the Yoast SEO plugin v26.9 - https:\/\/yoast.com\/product\/yoast-seo-wordpress\/ -->\n<title>GR\u00dcNE Affoltern<\/title>\n<meta name=\"description\" content=\"Polit-Stamm: Politik und Kunst \u2013 die politische Kraft der Kunst Das wohl ber\u00fchmteste politische Bild ist \u00abGuernica\u00bb von Pablo Picasso. Es entstand 1937 als Reaktion auf die Zerst\u00f6rung der baskischen Stadt Guernica durch deutsche und italienische Luftangriffe w\u00e4hrend des Spanischen B\u00fcrgerkriegs. Picasso \u00e4usserte sich dazu:&nbsp;\u00abEs ist mein Wunsch, Sie daran zu erinnern, dass ich stets davon \u00fcberzeugt war und noch immer davon \u00fcberzeugt bin, dass ein K\u00fcnstler, der mit geistigen Werten lebt und umgeht, angesichts eines Konflikts, in dem die h\u00f6chsten Werte der Humanit\u00e4t und Zivilisation auf dem Spiel stehen, sich nicht gleichg\u00fcltig verhalten kann.\u00bb Picasso war nicht der Einzige: Von Diego Rivera \u00fcber Keith Haring bis zu den zeitgen\u00f6ssischen K\u00fcnstlern Ai Weiwei (Themen: Meinungsfreiheit, Menschenrechte, Flucht) und Banksy haben viele Kunstschaffende politisch Stellung bezogen. Doch was will Protestkunst?  Bewusstsein schaffen? Eine Debatte anstossen? Hoffnung schenken oder gar Ver\u00e4nderung bewirken?  Und wie wirkt sie auf die Machthaber \u2013 als Konfrontation, Druckmittel oder symbolischer Angriff? Wer behauptet, Kunst habe nichts mit Politik zu tun, verkennt ihre Wirkung und ihre Geschichte. Gerade der Versuch, Kunst zu verbieten oder zu vereinnahmen \u2013 man denke an die \u00abEntartete Kunst\u00bb im Dritten Reich \u2013 belegt ihre politische Kraft. Kunst regt zum Denken an, kann verunsichern und er\u00f6ffnet alternative Weltbilder. Das Thema \u00abPolitik und Kunst\u00bb bietet also viele spannende Ankn\u00fcpfungspunkte: von kulturpolitischen Fragen \u00fcber die Rolle der Kunst in einer Demokratie bis hin zur gesellschaftlichen Wirkung k\u00fcnstlerischer Ausdrucksformen. Diese Fragen stehen im Zentrum des n\u00e4chsten Polit-Stamms. Zu Gast sind die beiden \u00c4mtler K\u00fcnstlerinnen Marlies Achermann-Gisinger und Carmen Cabert Steiner, die ihre Sichtweisen in die Diskussion einbringen. Der Polit-Stamm ist offen f\u00fcr alle. Einfach vorbeikommen, zuh\u00f6ren, Fragen stellen und mitdiskutieren.&nbsp; Stefan Kessler, Gr\u00fcne Bezirk Affoltern\" \/>\n<meta name=\"robots\" content=\"index, follow, max-snippet:-1, max-image-preview:large, max-video-preview:-1\" \/>\n<link rel=\"canonical\" href=\"https:\/\/web.gruene-zh.ch\/affoltern\/event\/polit-stamm-2\" \/>\n<meta property=\"og:locale\" content=\"de_DE\" \/>\n<meta property=\"og:type\" content=\"article\" \/>\n<meta property=\"og:description\" content=\"Polit-Stamm: Politik und Kunst \u2013 die politische Kraft der Kunst Das wohl ber\u00fchmteste politische Bild ist \u00abGuernica\u00bb von Pablo Picasso. \u2026\" \/>\n<meta property=\"og:url\" content=\"https:\/\/web.gruene-zh.ch\/affoltern\/event\/polit-stamm-2\" \/>\n<meta property=\"og:site_name\" content=\"GR\u00dcNE Affoltern\" \/>\n<meta property=\"article:modified_time\" content=\"2025-09-25T19:35:23+00:00\" \/>\n<meta name=\"twitter:card\" content=\"summary_large_image\" \/>\n<meta name=\"twitter:label1\" content=\"Gesch\u00e4tzte Lesezeit\" \/>\n\t<meta name=\"twitter:data1\" content=\"2\u00a0Minuten\" \/>\n<script type=\"application\/ld+json\" class=\"yoast-schema-graph\">{\"@context\":\"https:\/\/schema.org\",\"@graph\":[{\"@type\":\"WebPage\",\"@id\":\"https:\/\/web.gruene-zh.ch\/affoltern\/event\/polit-stamm-2\",\"url\":\"https:\/\/web.gruene-zh.ch\/affoltern\/event\/polit-stamm-2\",\"name\":\"\",\"isPartOf\":{\"@id\":\"https:\/\/web.gruene-zh.ch\/affoltern\/#website\"},\"datePublished\":\"2025-09-10T12:51:38+00:00\",\"dateModified\":\"2025-09-25T19:35:23+00:00\",\"description\":\"Polit-Stamm: Politik und Kunst \u2013 die politische Kraft der Kunst Das wohl ber\u00fchmteste politische Bild ist \u00abGuernica\u00bb von Pablo Picasso. Es entstand 1937 als Reaktion auf die Zerst\u00f6rung der baskischen Stadt Guernica durch deutsche und italienische Luftangriffe w\u00e4hrend des Spanischen B\u00fcrgerkriegs. Picasso \u00e4usserte sich dazu:&nbsp;\u00abEs ist mein Wunsch, Sie daran zu erinnern, dass ich stets davon \u00fcberzeugt war und noch immer davon \u00fcberzeugt bin, dass ein K\u00fcnstler, der mit geistigen Werten lebt und umgeht, angesichts eines Konflikts, in dem die h\u00f6chsten Werte der Humanit\u00e4t und Zivilisation auf dem Spiel stehen, sich nicht gleichg\u00fcltig verhalten kann.\u00bb Picasso war nicht der Einzige: Von Diego Rivera \u00fcber Keith Haring bis zu den zeitgen\u00f6ssischen K\u00fcnstlern Ai Weiwei (Themen: Meinungsfreiheit, Menschenrechte, Flucht) und Banksy haben viele Kunstschaffende politisch Stellung bezogen. Doch was will Protestkunst? \u2022 Bewusstsein schaffen? \u2022 Eine Debatte anstossen? \u2022 Hoffnung schenken oder gar Ver\u00e4nderung bewirken? Und wie wirkt sie auf die Machthaber \u2013 als Konfrontation, Druckmittel oder symbolischer Angriff? Wer behauptet, Kunst habe nichts mit Politik zu tun, verkennt ihre Wirkung und ihre Geschichte. Gerade der Versuch, Kunst zu verbieten oder zu vereinnahmen \u2013 man denke an die \u00abEntartete Kunst\u00bb im Dritten Reich \u2013 belegt ihre politische Kraft. Kunst regt zum Denken an, kann verunsichern und er\u00f6ffnet alternative Weltbilder. Das Thema \u00abPolitik und Kunst\u00bb bietet also viele spannende Ankn\u00fcpfungspunkte: von kulturpolitischen Fragen \u00fcber die Rolle der Kunst in einer Demokratie bis hin zur gesellschaftlichen Wirkung k\u00fcnstlerischer Ausdrucksformen. Diese Fragen stehen im Zentrum des n\u00e4chsten Polit-Stamms. Zu Gast sind die beiden \u00c4mtler K\u00fcnstlerinnen Marlies Achermann-Gisinger und Carmen Cabert Steiner, die ihre Sichtweisen in die Diskussion einbringen. Der Polit-Stamm ist offen f\u00fcr alle. Einfach vorbeikommen, zuh\u00f6ren, Fragen stellen und mitdiskutieren.&nbsp; Stefan Kessler, Gr\u00fcne Bezirk Affoltern\",\"breadcrumb\":{\"@id\":\"https:\/\/web.gruene-zh.ch\/affoltern\/event\/polit-stamm-2#breadcrumb\"},\"inLanguage\":\"de\",\"potentialAction\":[{\"@type\":\"ReadAction\",\"target\":[\"https:\/\/web.gruene-zh.ch\/affoltern\/event\/polit-stamm-2\"]}]},{\"@type\":\"BreadcrumbList\",\"@id\":\"https:\/\/web.gruene-zh.ch\/affoltern\/event\/polit-stamm-2#breadcrumb\",\"itemListElement\":[{\"@type\":\"ListItem\",\"position\":1,\"name\":\"Startseite\",\"item\":\"https:\/\/web.gruene-zh.ch\/affoltern\/\"},{\"@type\":\"ListItem\",\"position\":2,\"name\":\"Aktuell\",\"item\":\"https:\/\/web.gruene-zh.ch\/affoltern\/startseite\/aktuell#menu-item-605\"},{\"@type\":\"ListItem\",\"position\":3,\"name\":\"Agenda\"}]},{\"@type\":\"WebSite\",\"@id\":\"https:\/\/web.gruene-zh.ch\/affoltern\/#website\",\"url\":\"https:\/\/web.gruene-zh.ch\/affoltern\/\",\"name\":\"GR\u00dcNE Affoltern\",\"description\":\"Ein Plus an Lebensqualit\u00e4t. \",\"potentialAction\":[{\"@type\":\"SearchAction\",\"target\":{\"@type\":\"EntryPoint\",\"urlTemplate\":\"https:\/\/web.gruene-zh.ch\/affoltern\/?s={search_term_string}\"},\"query-input\":{\"@type\":\"PropertyValueSpecification\",\"valueRequired\":true,\"valueName\":\"search_term_string\"}}],\"inLanguage\":\"de\"}]}<\/script>\n<!-- \/ Yoast SEO plugin. -->","yoast_head_json":{"title":"GR\u00dcNE Affoltern","description":"Polit-Stamm: Politik und Kunst \u2013 die politische Kraft der Kunst Das wohl ber\u00fchmteste politische Bild ist \u00abGuernica\u00bb von Pablo Picasso. Es entstand 1937 als Reaktion auf die Zerst\u00f6rung der baskischen Stadt Guernica durch deutsche und italienische Luftangriffe w\u00e4hrend des Spanischen B\u00fcrgerkriegs. Picasso \u00e4usserte sich dazu:&nbsp;\u00abEs ist mein Wunsch, Sie daran zu erinnern, dass ich stets davon \u00fcberzeugt war und noch immer davon \u00fcberzeugt bin, dass ein K\u00fcnstler, der mit geistigen Werten lebt und umgeht, angesichts eines Konflikts, in dem die h\u00f6chsten Werte der Humanit\u00e4t und Zivilisation auf dem Spiel stehen, sich nicht gleichg\u00fcltig verhalten kann.\u00bb Picasso war nicht der Einzige: Von Diego Rivera \u00fcber Keith Haring bis zu den zeitgen\u00f6ssischen K\u00fcnstlern Ai Weiwei (Themen: Meinungsfreiheit, Menschenrechte, Flucht) und Banksy haben viele Kunstschaffende politisch Stellung bezogen. Doch was will Protestkunst?  Bewusstsein schaffen? Eine Debatte anstossen? Hoffnung schenken oder gar Ver\u00e4nderung bewirken?  Und wie wirkt sie auf die Machthaber \u2013 als Konfrontation, Druckmittel oder symbolischer Angriff? Wer behauptet, Kunst habe nichts mit Politik zu tun, verkennt ihre Wirkung und ihre Geschichte. Gerade der Versuch, Kunst zu verbieten oder zu vereinnahmen \u2013 man denke an die \u00abEntartete Kunst\u00bb im Dritten Reich \u2013 belegt ihre politische Kraft. Kunst regt zum Denken an, kann verunsichern und er\u00f6ffnet alternative Weltbilder. Das Thema \u00abPolitik und Kunst\u00bb bietet also viele spannende Ankn\u00fcpfungspunkte: von kulturpolitischen Fragen \u00fcber die Rolle der Kunst in einer Demokratie bis hin zur gesellschaftlichen Wirkung k\u00fcnstlerischer Ausdrucksformen. Diese Fragen stehen im Zentrum des n\u00e4chsten Polit-Stamms. Zu Gast sind die beiden \u00c4mtler K\u00fcnstlerinnen Marlies Achermann-Gisinger und Carmen Cabert Steiner, die ihre Sichtweisen in die Diskussion einbringen. Der Polit-Stamm ist offen f\u00fcr alle. Einfach vorbeikommen, zuh\u00f6ren, Fragen stellen und mitdiskutieren.&nbsp; Stefan Kessler, Gr\u00fcne Bezirk Affoltern","robots":{"index":"index","follow":"follow","max-snippet":"max-snippet:-1","max-image-preview":"max-image-preview:large","max-video-preview":"max-video-preview:-1"},"canonical":"https:\/\/web.gruene-zh.ch\/affoltern\/event\/polit-stamm-2","og_locale":"de_DE","og_type":"article","og_description":"Polit-Stamm: Politik und Kunst \u2013 die politische Kraft der Kunst Das wohl ber\u00fchmteste politische Bild ist \u00abGuernica\u00bb von Pablo Picasso. \u2026","og_url":"https:\/\/web.gruene-zh.ch\/affoltern\/event\/polit-stamm-2","og_site_name":"GR\u00dcNE Affoltern","article_modified_time":"2025-09-25T19:35:23+00:00","twitter_card":"summary_large_image","twitter_misc":{"Gesch\u00e4tzte Lesezeit":"2\u00a0Minuten"},"schema":{"@context":"https:\/\/schema.org","@graph":[{"@type":"WebPage","@id":"https:\/\/web.gruene-zh.ch\/affoltern\/event\/polit-stamm-2","url":"https:\/\/web.gruene-zh.ch\/affoltern\/event\/polit-stamm-2","name":"","isPartOf":{"@id":"https:\/\/web.gruene-zh.ch\/affoltern\/#website"},"datePublished":"2025-09-10T12:51:38+00:00","dateModified":"2025-09-25T19:35:23+00:00","description":"Polit-Stamm: Politik und Kunst \u2013 die politische Kraft der Kunst Das wohl ber\u00fchmteste politische Bild ist \u00abGuernica\u00bb von Pablo Picasso. Es entstand 1937 als Reaktion auf die Zerst\u00f6rung der baskischen Stadt Guernica durch deutsche und italienische Luftangriffe w\u00e4hrend des Spanischen B\u00fcrgerkriegs. Picasso \u00e4usserte sich dazu:&nbsp;\u00abEs ist mein Wunsch, Sie daran zu erinnern, dass ich stets davon \u00fcberzeugt war und noch immer davon \u00fcberzeugt bin, dass ein K\u00fcnstler, der mit geistigen Werten lebt und umgeht, angesichts eines Konflikts, in dem die h\u00f6chsten Werte der Humanit\u00e4t und Zivilisation auf dem Spiel stehen, sich nicht gleichg\u00fcltig verhalten kann.\u00bb Picasso war nicht der Einzige: Von Diego Rivera \u00fcber Keith Haring bis zu den zeitgen\u00f6ssischen K\u00fcnstlern Ai Weiwei (Themen: Meinungsfreiheit, Menschenrechte, Flucht) und Banksy haben viele Kunstschaffende politisch Stellung bezogen. Doch was will Protestkunst? \u2022 Bewusstsein schaffen? \u2022 Eine Debatte anstossen? \u2022 Hoffnung schenken oder gar Ver\u00e4nderung bewirken? Und wie wirkt sie auf die Machthaber \u2013 als Konfrontation, Druckmittel oder symbolischer Angriff? Wer behauptet, Kunst habe nichts mit Politik zu tun, verkennt ihre Wirkung und ihre Geschichte. Gerade der Versuch, Kunst zu verbieten oder zu vereinnahmen \u2013 man denke an die \u00abEntartete Kunst\u00bb im Dritten Reich \u2013 belegt ihre politische Kraft. Kunst regt zum Denken an, kann verunsichern und er\u00f6ffnet alternative Weltbilder. Das Thema \u00abPolitik und Kunst\u00bb bietet also viele spannende Ankn\u00fcpfungspunkte: von kulturpolitischen Fragen \u00fcber die Rolle der Kunst in einer Demokratie bis hin zur gesellschaftlichen Wirkung k\u00fcnstlerischer Ausdrucksformen. Diese Fragen stehen im Zentrum des n\u00e4chsten Polit-Stamms. Zu Gast sind die beiden \u00c4mtler K\u00fcnstlerinnen Marlies Achermann-Gisinger und Carmen Cabert Steiner, die ihre Sichtweisen in die Diskussion einbringen. Der Polit-Stamm ist offen f\u00fcr alle. Einfach vorbeikommen, zuh\u00f6ren, Fragen stellen und mitdiskutieren.&nbsp; Stefan Kessler, Gr\u00fcne Bezirk Affoltern","breadcrumb":{"@id":"https:\/\/web.gruene-zh.ch\/affoltern\/event\/polit-stamm-2#breadcrumb"},"inLanguage":"de","potentialAction":[{"@type":"ReadAction","target":["https:\/\/web.gruene-zh.ch\/affoltern\/event\/polit-stamm-2"]}]},{"@type":"BreadcrumbList","@id":"https:\/\/web.gruene-zh.ch\/affoltern\/event\/polit-stamm-2#breadcrumb","itemListElement":[{"@type":"ListItem","position":1,"name":"Startseite","item":"https:\/\/web.gruene-zh.ch\/affoltern\/"},{"@type":"ListItem","position":2,"name":"Aktuell","item":"https:\/\/web.gruene-zh.ch\/affoltern\/startseite\/aktuell#menu-item-605"},{"@type":"ListItem","position":3,"name":"Agenda"}]},{"@type":"WebSite","@id":"https:\/\/web.gruene-zh.ch\/affoltern\/#website","url":"https:\/\/web.gruene-zh.ch\/affoltern\/","name":"GR\u00dcNE Affoltern","description":"Ein Plus an Lebensqualit\u00e4t. ","potentialAction":[{"@type":"SearchAction","target":{"@type":"EntryPoint","urlTemplate":"https:\/\/web.gruene-zh.ch\/affoltern\/?s={search_term_string}"},"query-input":{"@type":"PropertyValueSpecification","valueRequired":true,"valueName":"search_term_string"}}],"inLanguage":"de"}]}},"_links":{"self":[{"href":"https:\/\/web.gruene-zh.ch\/affoltern\/wp-json\/wp\/v2\/tribe_events\/1310","targetHints":{"allow":["GET"]}}],"collection":[{"href":"https:\/\/web.gruene-zh.ch\/affoltern\/wp-json\/wp\/v2\/tribe_events"}],"about":[{"href":"https:\/\/web.gruene-zh.ch\/affoltern\/wp-json\/wp\/v2\/types\/tribe_events"}],"author":[{"embeddable":true,"href":"https:\/\/web.gruene-zh.ch\/affoltern\/wp-json\/wp\/v2\/users\/52"}],"version-history":[{"count":3,"href":"https:\/\/web.gruene-zh.ch\/affoltern\/wp-json\/wp\/v2\/tribe_events\/1310\/revisions"}],"predecessor-version":[{"id":1356,"href":"https:\/\/web.gruene-zh.ch\/affoltern\/wp-json\/wp\/v2\/tribe_events\/1310\/revisions\/1356"}],"wp:attachment":[{"href":"https:\/\/web.gruene-zh.ch\/affoltern\/wp-json\/wp\/v2\/media?parent=1310"}],"wp:term":[{"taxonomy":"post_tag","embeddable":true,"href":"https:\/\/web.gruene-zh.ch\/affoltern\/wp-json\/wp\/v2\/tags?post=1310"},{"taxonomy":"tribe_events_cat","embeddable":true,"href":"https:\/\/web.gruene-zh.ch\/affoltern\/wp-json\/wp\/v2\/tribe_events_cat?post=1310"}],"curies":[{"name":"wp","href":"https:\/\/api.w.org\/{rel}","templated":true}]}}