{"id":525,"date":"2019-02-07T20:15:57","date_gmt":"2019-02-07T19:15:57","guid":{"rendered":"https:\/\/testing.2018.gruene.ch\/demo\/?page_id=443"},"modified":"2025-04-25T17:45:59","modified_gmt":"2025-04-25T15:45:59","slug":"ueberuns","status":"publish","type":"page","link":"https:\/\/web.gruene-zh.ch\/affoltern\/ueberuns","title":{"rendered":"\u00dcber uns"},"content":{"rendered":"","protected":false},"excerpt":{"rendered":"","protected":false},"author":34,"featured_media":0,"parent":0,"menu_order":0,"comment_status":"closed","ping_status":"closed","template":"","meta":{"_acf_changed":false,"inline_featured_image":false,"footnotes":""},"class_list":["post-525","page","type-page","status-publish","hentry"],"acf":[],"yoast_head":"<!-- This site is optimized with the Yoast SEO plugin v26.9 - https:\/\/yoast.com\/product\/yoast-seo-wordpress\/ -->\n<title>\u00dcber uns - GR\u00dcNE Affoltern<\/title>\n<meta name=\"description\" content=\"Die Ortspartei GR\u00dcNE STADT AFFOLTERN wurde am 31. Mai 2024 gegr\u00fcndet. Der Vorstand setzt sich zusammen aus Stefan Kessler (Pr\u00e4sident), Martina Heuss und Lilian Baumgartner\" \/>\n<meta name=\"robots\" content=\"index, follow, max-snippet:-1, max-image-preview:large, max-video-preview:-1\" \/>\n<link rel=\"canonical\" href=\"https:\/\/web.gruene-zh.ch\/affoltern\/ueberuns\" \/>\n<meta property=\"og:locale\" content=\"de_DE\" \/>\n<meta property=\"og:type\" content=\"article\" \/>\n<meta property=\"og:title\" content=\"\u00dcber uns - GR\u00dcNE Affoltern\" \/>\n<meta property=\"og:description\" content=\"Die Ortspartei GR\u00dcNE STADT AFFOLTERN wurde am 31. Mai 2024 gegr\u00fcndet. Der Vorstand setzt sich zusammen aus Stefan Kessler (Pr\u00e4sident), \u2026\" \/>\n<meta property=\"og:url\" content=\"https:\/\/web.gruene-zh.ch\/affoltern\/ueberuns\" \/>\n<meta property=\"og:site_name\" content=\"GR\u00dcNE Affoltern\" \/>\n<meta property=\"article:modified_time\" content=\"2025-04-25T15:45:59+00:00\" \/>\n<meta name=\"twitter:card\" content=\"summary_large_image\" \/>\n<meta name=\"twitter:label1\" content=\"Gesch\u00e4tzte Lesezeit\" \/>\n\t<meta name=\"twitter:data1\" content=\"1\u00a0Minute\" \/>\n<script type=\"application\/ld+json\" class=\"yoast-schema-graph\">{\"@context\":\"https:\/\/schema.org\",\"@graph\":[{\"@type\":\"WebPage\",\"@id\":\"https:\/\/web.gruene-zh.ch\/affoltern\/ueberuns\",\"url\":\"https:\/\/web.gruene-zh.ch\/affoltern\/ueberuns\",\"name\":\"\u00dcber uns - GR\u00dcNE Affoltern\",\"isPartOf\":{\"@id\":\"https:\/\/web.gruene-zh.ch\/affoltern\/#website\"},\"datePublished\":\"2019-02-07T19:15:57+00:00\",\"dateModified\":\"2025-04-25T15:45:59+00:00\",\"description\":\"Die Ortspartei GR\u00dcNE STADT AFFOLTERN wurde am 31. Mai 2024 gegr\u00fcndet. Der Vorstand setzt sich zusammen aus Stefan Kessler (Pr\u00e4sident), Martina Heuss und Lilian Baumgartner\",\"breadcrumb\":{\"@id\":\"https:\/\/web.gruene-zh.ch\/affoltern\/ueberuns#breadcrumb\"},\"inLanguage\":\"de\",\"potentialAction\":[{\"@type\":\"ReadAction\",\"target\":[\"https:\/\/web.gruene-zh.ch\/affoltern\/ueberuns\"]}]},{\"@type\":\"BreadcrumbList\",\"@id\":\"https:\/\/web.gruene-zh.ch\/affoltern\/ueberuns#breadcrumb\",\"itemListElement\":[{\"@type\":\"ListItem\",\"position\":1,\"name\":\"Startseite\",\"item\":\"https:\/\/web.gruene-zh.ch\/affoltern\/\"},{\"@type\":\"ListItem\",\"position\":2,\"name\":\"Aktuell\",\"item\":\"https:\/\/web.gruene-zh.ch\/affoltern\/startseite\/aktuell#menu-item-605\"},{\"@type\":\"ListItem\",\"position\":3,\"name\":\"Agenda\"}]},{\"@type\":\"WebSite\",\"@id\":\"https:\/\/web.gruene-zh.ch\/affoltern\/#website\",\"url\":\"https:\/\/web.gruene-zh.ch\/affoltern\/\",\"name\":\"GR\u00dcNE Affoltern\",\"description\":\"Ein Plus an Lebensqualit\u00e4t. \",\"potentialAction\":[{\"@type\":\"SearchAction\",\"target\":{\"@type\":\"EntryPoint\",\"urlTemplate\":\"https:\/\/web.gruene-zh.ch\/affoltern\/?s={search_term_string}\"},\"query-input\":{\"@type\":\"PropertyValueSpecification\",\"valueRequired\":true,\"valueName\":\"search_term_string\"}}],\"inLanguage\":\"de\"}]}<\/script>\n<!-- \/ Yoast SEO plugin. -->","yoast_head_json":{"title":"\u00dcber uns - GR\u00dcNE Affoltern","description":"Die Ortspartei GR\u00dcNE STADT AFFOLTERN wurde am 31. Mai 2024 gegr\u00fcndet. Der Vorstand setzt sich zusammen aus Stefan Kessler (Pr\u00e4sident), Martina Heuss und Lilian Baumgartner","robots":{"index":"index","follow":"follow","max-snippet":"max-snippet:-1","max-image-preview":"max-image-preview:large","max-video-preview":"max-video-preview:-1"},"canonical":"https:\/\/web.gruene-zh.ch\/affoltern\/ueberuns","og_locale":"de_DE","og_type":"article","og_title":"\u00dcber uns - GR\u00dcNE Affoltern","og_description":"Die Ortspartei GR\u00dcNE STADT AFFOLTERN wurde am 31. Mai 2024 gegr\u00fcndet. Der Vorstand setzt sich zusammen aus Stefan Kessler (Pr\u00e4sident), \u2026","og_url":"https:\/\/web.gruene-zh.ch\/affoltern\/ueberuns","og_site_name":"GR\u00dcNE Affoltern","article_modified_time":"2025-04-25T15:45:59+00:00","twitter_card":"summary_large_image","twitter_misc":{"Gesch\u00e4tzte Lesezeit":"1\u00a0Minute"},"schema":{"@context":"https:\/\/schema.org","@graph":[{"@type":"WebPage","@id":"https:\/\/web.gruene-zh.ch\/affoltern\/ueberuns","url":"https:\/\/web.gruene-zh.ch\/affoltern\/ueberuns","name":"\u00dcber uns - GR\u00dcNE Affoltern","isPartOf":{"@id":"https:\/\/web.gruene-zh.ch\/affoltern\/#website"},"datePublished":"2019-02-07T19:15:57+00:00","dateModified":"2025-04-25T15:45:59+00:00","description":"Die Ortspartei GR\u00dcNE STADT AFFOLTERN wurde am 31. Mai 2024 gegr\u00fcndet. Der Vorstand setzt sich zusammen aus Stefan Kessler (Pr\u00e4sident), Martina Heuss und Lilian Baumgartner","breadcrumb":{"@id":"https:\/\/web.gruene-zh.ch\/affoltern\/ueberuns#breadcrumb"},"inLanguage":"de","potentialAction":[{"@type":"ReadAction","target":["https:\/\/web.gruene-zh.ch\/affoltern\/ueberuns"]}]},{"@type":"BreadcrumbList","@id":"https:\/\/web.gruene-zh.ch\/affoltern\/ueberuns#breadcrumb","itemListElement":[{"@type":"ListItem","position":1,"name":"Startseite","item":"https:\/\/web.gruene-zh.ch\/affoltern\/"},{"@type":"ListItem","position":2,"name":"Aktuell","item":"https:\/\/web.gruene-zh.ch\/affoltern\/startseite\/aktuell#menu-item-605"},{"@type":"ListItem","position":3,"name":"Agenda"}]},{"@type":"WebSite","@id":"https:\/\/web.gruene-zh.ch\/affoltern\/#website","url":"https:\/\/web.gruene-zh.ch\/affoltern\/","name":"GR\u00dcNE Affoltern","description":"Ein Plus an Lebensqualit\u00e4t. ","potentialAction":[{"@type":"SearchAction","target":{"@type":"EntryPoint","urlTemplate":"https:\/\/web.gruene-zh.ch\/affoltern\/?s={search_term_string}"},"query-input":{"@type":"PropertyValueSpecification","valueRequired":true,"valueName":"search_term_string"}}],"inLanguage":"de"}]}},"_links":{"self":[{"href":"https:\/\/web.gruene-zh.ch\/affoltern\/wp-json\/wp\/v2\/pages\/525","targetHints":{"allow":["GET"]}}],"collection":[{"href":"https:\/\/web.gruene-zh.ch\/affoltern\/wp-json\/wp\/v2\/pages"}],"about":[{"href":"https:\/\/web.gruene-zh.ch\/affoltern\/wp-json\/wp\/v2\/types\/page"}],"author":[{"embeddable":true,"href":"https:\/\/web.gruene-zh.ch\/affoltern\/wp-json\/wp\/v2\/users\/34"}],"replies":[{"embeddable":true,"href":"https:\/\/web.gruene-zh.ch\/affoltern\/wp-json\/wp\/v2\/comments?post=525"}],"version-history":[{"count":10,"href":"https:\/\/web.gruene-zh.ch\/affoltern\/wp-json\/wp\/v2\/pages\/525\/revisions"}],"predecessor-version":[{"id":1090,"href":"https:\/\/web.gruene-zh.ch\/affoltern\/wp-json\/wp\/v2\/pages\/525\/revisions\/1090"}],"wp:attachment":[{"href":"https:\/\/web.gruene-zh.ch\/affoltern\/wp-json\/wp\/v2\/media?parent=525"}],"curies":[{"name":"wp","href":"https:\/\/api.w.org\/{rel}","templated":true}]}}